{"id":1439,"date":"2016-04-21T10:02:32","date_gmt":"2016-04-21T10:02:32","guid":{"rendered":"http:\/\/chatelard18.ch\/wordpress\/?page_id=1439"},"modified":"2023-01-17T09:39:49","modified_gmt":"2023-01-17T09:39:49","slug":"ofrou2","status":"publish","type":"page","link":"https:\/\/chatelard18.ch\/?page_id=1439","title":{"rendered":"OFrou2"},"content":{"rendered":"<div id=\"pl-1439\"  class=\"panel-layout\" ><div id=\"pg-1439-0\"  class=\"panel-grid panel-no-style\" ><div id=\"pgc-1439-0-0\"  class=\"panel-grid-cell panel-grid-cell-empty\" ><\/div><div id=\"pgc-1439-0-1\"  class=\"panel-grid-cell panel-grid-cell-mobile-last\" ><div id=\"panel-1439-0-1-0\" class=\"so-panel widget widget_sow-editor panel-first-child panel-last-child\" data-index=\"0\" ><div class=\"panel-widget-style panel-widget-style-for-1439-0-1-0\" ><div\n\t\t\t\n\t\t\tclass=\"so-widget-sow-editor so-widget-sow-editor-base\"\n\t\t\t\n\t\t>\n<div class=\"siteorigin-widget-tinymce textwidget\">\n\t<p style=\"text-align: center;\"><span style=\"color: #ffffff;\"><strong>Selection de documents sur le litige concernant le bruit g\u00e9n\u00e9r\u00e9 par l'A5, entre les habitants de Bevaix Sud, les services des routes Cantonaux et F\u00e9d\u00e9raux, de 1994 \u00e0 aujourd'hui:<span style=\"text-decoration: underline;\"><br \/>\n<\/span><\/strong><\/span><\/p>\n<ul>\n<li><span style=\"color: #ffffff;\"><strong><a href=\"http:\/\/chatelard18.ch\/wordpress\/wp-content\/uploads\/2016\/03\/2008-2018_circulaire_resume.pdf\" target=\"_blank\" rel=\"noopener\">OF1 historique sur le litige de 2006 \u00e0 2016<\/a><\/strong><\/span><\/li>\n<\/ul>\n<p><span style=\"color: #ffffff;\"><strong>2022<\/strong><\/span><\/p>\n<ul>\n<li><a href=\"https:\/\/chatelard18.ch\/wordpress\/wp-content\/uploads\/2023\/01\/2022-oct-8-message-de-henry-a-fragnoli-A5-Bevaix-bruit-et-PV.pdf\" target=\"_blank\" rel=\"noopener\"><strong>8 octobre - lettre \u00e0 l'OFrou M.Fragnoli, photovolta\u00efque sur parois antibruit<\/strong><\/a><\/li>\n<li><a href=\"https:\/\/chatelard18.ch\/wordpress\/wp-content\/uploads\/2023\/01\/2022-13__Motion_panneaux_photovoltaiques_27_septembre_2022.pdf\" target=\"_blank\" rel=\"noopener\"><strong>27 sept - motion des Verts, photovolta\u00efque sur gallerie<\/strong><\/a><\/li>\n<li><strong><a href=\"https:\/\/chatelard18.ch\/wordpress\/wp-content\/uploads\/2022\/10\/2022-Littoral-Region-Quatre-millions-Ch-du-Vignoble-scaled.jpg\" target=\"_blank\" rel=\"noopener\">23 sept - Littoral R\u00e9gion, projet photovolta\u00efque sur la gallerie<\/a><\/strong><\/li>\n<\/ul>\n<p><span style=\"color: #ffffff;\"><strong>2019<\/strong><\/span><\/p>\n<ul>\n<li><a href=\"http:\/\/chatelard18.ch\/wordpress\/wp-content\/uploads\/2019\/11\/2019-Recours-Tribunal-Administratif-Federal-facture-1500.pdf\" target=\"_blank\" rel=\"noopener\"><strong>septembre - recours de l'Association - facture 1500.-<\/strong><\/a><\/li>\n<li><a href=\"http:\/\/chatelard18.ch\/wordpress\/wp-content\/uploads\/2019\/11\/2019-Recours-Tribunal-Administratif-Federal-contre-DETEC-1.pdf\" target=\"_blank\" rel=\"noopener\"><strong>ao\u00fbt - recours de l'Association aupr\u00e8s du Tribunal Administratif F\u00e9d\u00e9ral contre le DETEC<\/strong><\/a><\/li>\n<li><span style=\"color: #3999a3;\"><strong>mai 14 - le DETEC clos la proc\u00e9dure<\/strong><\/span><\/li>\n<\/ul>\n<p><span style=\"color: #ffffff;\"><strong>2018<\/strong><\/span><\/p>\n<ul>\n<li><a href=\"http:\/\/chatelard18.ch\/wordpress\/wp-content\/uploads\/2019\/11\/2018-facture-bauer-10530.pdf\" target=\"_blank\" rel=\"noopener\"><strong>avril - m\u00e9moire honoraires d'avocats Bauer ! Z\u00fcrcher ! Haeny - 10'530.-<\/strong><\/a><\/li>\n<\/ul>\n<p><span style=\"color: #ffffff;\"><strong>2017<\/strong><\/span><\/p>\n<ul>\n<li><a href=\"http:\/\/chatelard18.ch\/wordpress\/wp-content\/uploads\/2019\/11\/2017-lettre-de-M-Bauer-au-detec-du-22-septembre.pdf\" target=\"_blank\" rel=\"noopener\"><strong>septembre 22 - lettre de Ma\u00eetre Bauer au DETEC<\/strong><\/a><\/li>\n<li><strong>septembre 16 - l'Association transmet ses remarques finales en maintenant son opposition et r\u00e9it\u00e8re les demandes faites le 30 septembre 2016<\/strong><\/li>\n<li><a href=\"http:\/\/chatelard18.ch\/wordpress\/wp-content\/uploads\/2019\/11\/2017-aout-29-acceptation-de-la-demande-de-prolongation-du-delais-du-DETEC.pdf\" target=\"_blank\" rel=\"noopener\"><strong>ao\u00fbt 29 - Le DETEC accepte une prolongation du d\u00e9lai de r\u00e9ponse<\/strong><\/a><\/li>\n<li><a href=\"http:\/\/chatelard18.ch\/wordpress\/wp-content\/uploads\/2017\/07\/2017-juillet-20-courrier-de-Kuster.pdf\" target=\"_blank\" rel=\"noopener\"><strong>juillet 20 - Injonction du SG-DETEC de commenter la position l'OFrou<\/strong> <\/a><\/li>\n<li><a href=\"http:\/\/chatelard18.ch\/wordpress\/wp-content\/uploads\/2017\/07\/2017-juillet-12-lettre-de-la-commune-de-Bevaix-\u00e0-Doris-Leuthard.pdf\" target=\"_blank\" rel=\"noopener\"><strong>juillet 12 - Lettre de la Commune de Bevaix \u00e0 la Conseill\u00e8re F\u00e9d\u00e9rale Leuthard<\/strong><\/a><\/li>\n<li><a href=\"http:\/\/chatelard18.ch\/wordpress\/wp-content\/uploads\/2017\/07\/2017-juillet-5-prise-de-position-de-lofrou-m-duchoud.pdf\" target=\"_blank\" rel=\"noopener\"><strong>juillet 5 - Prise de position finale de l'OFrou<\/strong><\/a><\/li>\n<li><a href=\"http:\/\/chatelard18.ch\/wordpress\/wp-content\/uploads\/2017\/07\/2017-mai-24-position-de-lOFEV-liste-des-opposants.pdf\" target=\"_blank\" rel=\"noopener\"><strong>mai 24 - position de l'OFEV - liste des opposants<\/strong><\/a><\/li>\n<li><a href=\"http:\/\/chatelard18.ch\/wordpress\/wp-content\/uploads\/2017\/07\/2017-avril-6-avis-de-lofrou-sur-opposition-4-du-groupe-du-vignoble.pdf\" target=\"_blank\" rel=\"noopener\"><strong>avril 6 - Avis de l'OFrou sur l'opposition no 4 du Groupe du Vignoble<\/strong><\/a><\/li>\n<li><strong><a href=\"http:\/\/chatelard18.ch\/wordpress\/wp-content\/uploads\/2017\/07\/2017-f\u00e9vrier-22-avis-des-services-cantonaux-neuchatel-au-DETEC.pdf\" target=\"_blank\" rel=\"noopener\">f\u00e9vrier 22 - Avis des services cantonaux de neuchatel au DETEC<\/a><\/strong><\/li>\n<li><span style=\"color: #ffffff;\"><strong><a href=\"http:\/\/chatelard18.ch\/wordpress\/wp-content\/uploads\/2017\/03\/2017-opposition-de-ma\u00eetre-Bauer.pdf\" target=\"_blank\" rel=\"noopener\">janvier 3 - Opposition de Ma\u00eetre Bauer \u00e0 la mise \u00e0 l'enqu\u00eate de l'OFrou<\/a><\/strong><\/span><\/li>\n<\/ul>\n<p><span style=\"color: #ffffff;\"><strong>2016<\/strong><\/span><\/p>\n<ul>\n<li><span style=\"color: #ffffff;\"><strong><a href=\"http:\/\/chatelard18.ch\/wordpress\/wp-content\/uploads\/2016\/10\/2016-estavayer-convocation_ofrou.pdf\" target=\"_blank\" rel=\"noopener\">OF 2016 septembre invitation de l'OFrou<\/a><\/strong><\/span><\/li>\n<li><span style=\"color: #ffffff;\"><strong><a href=\"http:\/\/chatelard18.ch\/wordpress\/wp-content\/uploads\/2016\/10\/2016-11-avril-lettre-\u00e0-lofrou.pdf\" target=\"_blank\" rel=\"noopener\">OF 2016 avril notre rappel \u00e0 l'OFrou<\/a><\/strong><\/span><\/li>\n<li><span style=\"color: #ffffff;\"><strong><a href=\"http:\/\/chatelard18.ch\/wordpress\/wp-content\/uploads\/2016\/05\/2016-mai-r\u00e9ponse-OFrou.pdf\">OF2 2016 mai r\u00e9ponse OFrou<\/a><\/strong><\/span><\/li>\n<li><span style=\"color: #ffffff;\"><strong><a href=\"http:\/\/chatelard18.ch\/wordpress\/wp-content\/uploads\/2016\/04\/2016-11-avril-lettre-\u00e0-lofrou.pdf\">OF2b 2016 11 avril lettre \u00e0 l'OFrou<\/a><\/strong><\/span><\/li>\n<li><span style=\"color: #ffffff;\"><strong><a href=\"http:\/\/chatelard18.ch\/wordpress\/wp-content\/uploads\/2016\/03\/OF3_2016_7_mars_lettre_de_lofrou.pdf\" target=\"_blank\" rel=\"noopener\">OF3 7 mars lettre de l'OFrou<\/a><\/strong><\/span><\/li>\n<li><span style=\"color: #ffffff;\"><strong><a href=\"http:\/\/chatelard18.ch\/wordpress\/wp-content\/uploads\/2016\/03\/OF4_2016_fevrier_notre_lettre_a_ofrou.pdf\" target=\"_blank\" rel=\"noopener\"><strong>OF4 f\u00e9vrier notre lettre a l'OFrou<\/strong><\/a><\/strong><\/span><\/li>\n<li><span style=\"color: #ffffff;\"><strong><a href=\"http:\/\/chatelard18.ch\/wordpress\/wp-content\/uploads\/2016\/03\/OF5_2016-janvier-26-lettre-de-duchoud.pdf\" target=\"_blank\" rel=\"noopener\">OF5 janvier r\u00e9ponse de l'OFrou<\/a><\/strong><\/span><\/li>\n<\/ul>\n<p><span style=\"color: #ffffff;\"><strong>2015<\/strong><\/span><\/p>\n<ul>\n<li><span style=\"color: #ffffff;\"><strong><a href=\"http:\/\/chatelard18.ch\/wordpress\/wp-content\/uploads\/2016\/03\/OF6_2015_decembre_29_a_ofrou.pdf\" target=\"_blank\" rel=\"noopener\">OF6 d\u00e9cembre notre lettre \u00e0 l'OFrou<\/a><\/strong><\/span><\/li>\n<li><span style=\"color: #ffffff;\"><strong><a href=\"http:\/\/chatelard18.ch\/wordpress\/wp-content\/uploads\/2016\/03\/of7_2015_decembre_lettre_a_bauer.pdf\" target=\"_blank\" rel=\"noopener\">OF7 d\u00e9cembre lettre \u00e0 Ma\u00eetre Bauer<\/a><\/strong><\/span><\/li>\n<li><span style=\"color: #ffffff;\"><strong><a href=\"http:\/\/chatelard18.ch\/wordpress\/wp-content\/uploads\/2016\/03\/OF8_2015-novembre-2-reponse_favre.pdf\" target=\"_blank\" rel=\"noopener\">OF8 novembre lettre du Conseiller d'Etat Favre<\/a><\/strong><\/span><\/li>\n<li><span style=\"color: #ffffff;\"><strong><span style=\"color: #ffffff;\"><a href=\"http:\/\/chatelard18.ch\/wordpress\/wp-content\/uploads\/2016\/03\/OF9_2015_position_conseil_federal.pdf\" target=\"_blank\" rel=\"noopener\">OF9 position de la Conseill\u00e8re F\u00e9d\u00e9rale Leuthard<\/a>\u00a0\u00a0 <\/span><a href=\"http:\/\/chatelard18.ch\/documents\/2015_position_conseil_federal.pdf\"><span style=\"color: #ffffff;\">(pdf)<\/span><\/a><\/strong><\/span><\/li>\n<li><span style=\"color: #ffffff;\"><strong><a href=\"http:\/\/chatelard18.ch\/wordpress\/wp-content\/uploads\/2016\/03\/OF10_2015_4_sept_reponse_de_jr.pdf\" target=\"_blank\" rel=\"noopener\">OF10 septembre r\u00e9ponse de J.R\u00f6thlisberger de l'OFrou<\/a><\/strong><\/span><\/li>\n<li><span style=\"color: #ffffff;\"><strong><a href=\"http:\/\/chatelard18.ch\/wordpress\/wp-content\/uploads\/2016\/03\/OF11_2015_carte_suisse_protections.pdf\" target=\"_blank\" rel=\"noopener\">OF11 carte des protections en Suisse<\/a><\/strong><\/span><\/li>\n<li><span style=\"color: #ffffff;\"><strong><a href=\"http:\/\/chatelard18.ch\/wordpress\/wp-content\/uploads\/2016\/03\/OF12_2015_aout_lettre_dg_ofrou.pdf\" target=\"_blank\" rel=\"noopener\">OF12 ao\u00fbt lettre du DG de l'OFrou<\/a><\/strong><\/span><\/li>\n<li><span style=\"color: #ffffff;\"><strong><a href=\"http:\/\/chatelard18.ch\/wordpress\/wp-content\/uploads\/2016\/03\/OF13_2015_presse_neuchateloise.pdf\" target=\"_blank\" rel=\"noopener\">OF13 article de l'Impartial<\/a><\/strong><\/span><\/li>\n<li><span style=\"color: #ffffff;\"><strong><a href=\"http:\/\/chatelard18.ch\/wordpress\/wp-content\/uploads\/2016\/03\/OF14_2015_silence_on_roule.pdf\" target=\"_blank\" rel=\"noopener\">OF14 journal Migros, Silence on roule<\/a><\/strong><\/span><\/li>\n<li><span style=\"color: #ffffff;\"><strong><a href=\"http:\/\/chatelard18.ch\/wordpress\/wp-content\/uploads\/2016\/03\/OF15_2015_aout_reponse_de_jr.pdf\" target=\"_blank\" rel=\"noopener\">OF15 ao\u00fbt r\u00e9ponse de JR de l'OFrou<\/a><\/strong><\/span><\/li>\n<li><span style=\"color: #ffffff;\"><strong><a href=\"http:\/\/chatelard18.ch\/wordpress\/wp-content\/uploads\/2016\/03\/OF16_2015_lettre_a_jr.pdf\" target=\"_blank\" rel=\"noopener\">OF16 juillet rappel au DG de l'OFrou<\/a><\/strong><\/span><\/li>\n<li><span style=\"color: #ffffff;\"><strong><a href=\"http:\/\/chatelard18.ch\/wordpress\/wp-content\/uploads\/2016\/03\/OF17_2015_notre_reponse_a_ofrou.pdf\" target=\"_blank\" rel=\"noopener\">OF17 juin notre r\u00e9ponse \u00e0 la s\u00e9ance<\/a><\/strong><\/span><\/li>\n<li><span style=\"color: #ffffff;\"><strong><a href=\"http:\/\/chatelard18.ch\/wordpress\/wp-content\/uploads\/2016\/03\/OF18_2015_mai_presentation_aux_riverains.pdf\" target=\"_blank\" rel=\"noopener\">OF18 mai PV de la s\u00e9ance \u00e0 Estavayer<\/a><\/strong><\/span><\/li>\n<li><span style=\"color: #ffffff;\"><strong><a href=\"http:\/\/chatelard18.ch\/wordpress\/wp-content\/uploads\/2016\/03\/OF19_2015_mai_presentation_quartier_vignoble.pdf\" target=\"_blank\" rel=\"noopener\">OF19 mai pr\u00e9sentation d'Estavayer compl\u00e8te<\/a><\/strong><\/span><\/li>\n<li><span style=\"color: #ffffff;\"><strong><a href=\"http:\/\/chatelard18.ch\/wordpress\/wp-content\/uploads\/2016\/03\/OF20_2015_assainissement_pplus.pdf\" target=\"_blank\" rel=\"noopener\">OF20 mai \u00e9tude d'assainissement PPLUS<\/a><\/strong><\/span><\/li>\n<li><span style=\"color: #ffffff;\"><strong><a href=\"http:\/\/chatelard18.ch\/wordpress\/wp-content\/uploads\/2016\/03\/OF21_2015_carte_vignoble.pdf\" target=\"_blank\" rel=\"noopener\">OF21 carte du site du Vignoble<\/a><\/strong><\/span><\/li>\n<\/ul>\n<p><span style=\"color: #ffffff;\"><strong>2014<\/strong><\/span><\/p>\n<ul>\n<li><span style=\"color: #ffffff;\"><strong><a href=\"http:\/\/chatelard18.ch\/wordpress\/wp-content\/uploads\/2016\/03\/OF23_2014_juin_ofrou.pdf\" target=\"_blank\" rel=\"noopener\">OF22 juin - rappel \u00e0 l'OFrou Mr.Roethlisberger<\/a><\/strong><\/span><\/li>\n<li><span style=\"color: #ffffff;\"><strong><a href=\"http:\/\/chatelard18.ch\/wordpress\/wp-content\/uploads\/2016\/03\/OF22_2014-pv-ofrou-28-avril.pdf\" target=\"_blank\" rel=\"noopener\">OF23 avril - proc\u00e8s-verbal de la r\u00e9union \u00e0 l'OFrou<\/a><\/strong><\/span><\/li>\n<li><span style=\"color: #ffffff;\"><strong><a href=\"http:\/\/chatelard18.ch\/wordpress\/wp-content\/uploads\/2016\/03\/OF25_2014_presentation_a_lofrou.pdf\" target=\"_blank\" rel=\"noopener\">OF25 avril - notre pr\u00e9sentation \u00e0 l'OFrou Ittigen<\/a><\/strong><\/span><\/li>\n<li><span style=\"color: #ffffff;\"><strong><a href=\"http:\/\/chatelard18.ch\/wordpress\/wp-content\/uploads\/2016\/04\/OF26_2014_article_lhi.pdf\" target=\"_blank\" rel=\"noopener\">OF26 avril - article du journal LHI<\/a><\/strong><\/span><\/li>\n<li><span style=\"color: #ffffff;\"><strong><a href=\"http:\/\/chatelard18.ch\/wordpress\/wp-content\/uploads\/2016\/04\/OF27_2014_littoral_region.pdf\" target=\"_blank\" rel=\"noopener\">OF27 mars - article du journal Littoral R\u00e9gion<\/a><\/strong><\/span><\/li>\n<li><span style=\"color: #ffffff;\"><strong><a href=\"http:\/\/chatelard18.ch\/wordpress\/wp-content\/uploads\/2016\/04\/OF28_2014_Express_page8.pdf\" target=\"_blank\" rel=\"noopener\">OF28 mars - article du journal l'Express de Neuch\u00e2tel<\/a><\/strong><\/span><\/li>\n<li><span style=\"color: #ffffff;\"><strong><a href=\"http:\/\/chatelard18.ch\/wordpress\/wp-content\/uploads\/2016\/04\/OF29_2014_commune_a_ofrou.pdf\" target=\"_blank\" rel=\"noopener\">OF29 mars - la commune de Bevaix \u00e9crit \u00e0 l'OFrou en appui de nos revendications<\/a><\/strong><\/span><\/li>\n<li><span style=\"color: #ffffff;\"><strong><a href=\"http:\/\/chatelard18.ch\/wordpress\/wp-content\/uploads\/2016\/03\/OF30_2014_mars_a_Rothlisberger_OFrou.pdf\" target=\"_blank\" rel=\"noopener\">OF30 mars - notre r\u00e9ponse \u00e0 l'OFrou<\/a><\/strong><\/span><\/li>\n<li><span style=\"color: #ffffff;\"><strong><a href=\"http:\/\/chatelard18.ch\/documents\/2014_l%27express%20du_8_mars.pdf\">OF31 mars - article du 8 mars paru dans le journal l'Express<\/a><\/strong><\/span><\/li>\n<li><span style=\"color: #ffffff;\"><strong><a href=\"http:\/\/chatelard18.ch\/documents\/2014_mars_reponse_Ofrou.pdf\">OF32 mars - r\u00e9ponse de l'OFrou<\/a><\/strong><\/span><\/li>\n<li><span style=\"color: #ffffff;\"><strong><a href=\"http:\/\/chatelard18.ch\/wordpress\/wp-content\/uploads\/2016\/03\/OF33_2014_Dieterle.pdf\" target=\"_blank\" rel=\"noopener\">OF33 f\u00e9vrier - Lettre \u00e0 M.Dieterle Directeur G\u00e9n\u00e9ral de l'OFrou<\/a><\/strong><\/span><\/li>\n<\/ul>\n<p><span style=\"color: #ffffff;\"><strong>2013<\/strong><\/span><\/p>\n<ul>\n<li><span style=\"color: #ffffff;\"><strong><a href=\"http:\/\/chatelard18.ch\/wordpress\/wp-content\/uploads\/2016\/03\/OF34_2013-a_lettre-gauthier.pdf\" target=\"_blank\" rel=\"noopener\">OF34 d\u00e9cembre - Campagne de mesure - lettre de l'OFRou M.Gauthier<\/a><\/strong><\/span><\/li>\n<li><span style=\"color: #ffffff;\"><strong><a href=\"http:\/\/chatelard18.ch\/wordpress\/wp-content\/uploads\/2016\/03\/OF35_2013-b_rapport-ecoacoustique.pdf\" target=\"_blank\" rel=\"noopener\">OF35 d\u00e9cembre - Campagne de mesure - rapport d'Ecoacoustique<\/a><\/strong><\/span><\/li>\n<li><span style=\"color: #ffffff;\"><strong><a href=\"http:\/\/chatelard18.ch\/wordpress\/wp-content\/uploads\/2016\/03\/of36_2013-c_annexe-mesures-par-maison-1.pdf\" target=\"_blank\" rel=\"noopener\">OF36 d\u00e9cembre - Campagne de mesure - annexe mesures par maison<\/a><\/strong><\/span><\/li>\n<li><span style=\"color: #ffffff;\"><strong><a href=\"http:\/\/chatelard18.ch\/wordpress\/wp-content\/uploads\/2016\/03\/OF37_2013-d_annexe-trafic.pdf\" target=\"_blank\" rel=\"noopener\">OF37 d\u00e9cembre - Campagne de mesure - annexe trafic2012<\/a><\/strong><\/span><\/li>\n<li><span style=\"color: #ffffff;\"><strong><a href=\"http:\/\/chatelard18.ch\/wordpress\/wp-content\/uploads\/2016\/03\/OF38_2012_dec_ofrou.pdf\" target=\"_blank\" rel=\"noopener\">OF38 d\u00e9cembre - lettre de Ma\u00eetre Bauer \u00e0 l'OFROU<\/a><\/strong><\/span><\/li>\n<li><span style=\"color: #ffffff;\"><strong><a href=\"http:\/\/chatelard18.ch\/wordpress\/wp-content\/uploads\/2016\/03\/OF39_5-10-mai-2012.pdfhttp:\/\/chatelard18.ch\/wordpress\/wp-content\/uploads\/2016\/03\/OF39_5-10-mai-2012.pdf\" target=\"_blank\" rel=\"noopener\">OF39 mai - r\u00e9ponse de l'OFROU<\/a><\/strong><\/span><\/li>\n<li><span style=\"color: #ffffff;\"><strong><a href=\"http:\/\/chatelard18.ch\/wordpress\/wp-content\/uploads\/2016\/04\/OF40_4-8-fev-2012.pdf\" target=\"_blank\" rel=\"noopener\">OF40 f\u00e9vrier - lettre de Ma\u00eetre Bauer \u00e0 l'OFROU<\/a><\/strong><\/span><\/li>\n<\/ul>\n<p><span style=\"color: #ffffff;\"><strong>2011<\/strong><\/span><\/p>\n<ul>\n<li><span style=\"color: #ffffff;\"><strong><a href=\"http:\/\/chatelard18.ch\/wordpress\/wp-content\/uploads\/2016\/04\/OF41_3-22-dec-2011.pdf\" target=\"_blank\" rel=\"noopener\">OF41 d\u00e9cembre - r\u00e9ponse de l'OFROU<\/a><\/strong><\/span><\/li>\n<li><span style=\"color: #ffffff;\"><strong><a href=\"http:\/\/chatelard18.ch\/wordpress\/wp-content\/uploads\/2016\/04\/OF42_2-27-juin-2011.pdf\" target=\"_blank\" rel=\"noopener\">OF42 juin - lettre de Ma\u00eetre Bauer \u00e0 l'OFROU<\/a><\/strong><\/span><\/li>\n<\/ul>\n<p><span style=\"color: #ffffff;\"><strong>2009<\/strong><\/span><\/p>\n<ul>\n<li><span style=\"color: #ffffff;\"><strong><a href=\"http:\/\/chatelard18.ch\/wordpress\/wp-content\/uploads\/2016\/04\/OF43_1-24-mars-2009.pdf\" target=\"_blank\" rel=\"noopener\">OF43 mars - p\u00e9tition du Groupement du Vignoble aux Ponts et Chauss\u00e9es NE<\/a><\/strong><\/span><\/li>\n<\/ul>\n<p><span style=\"color: #ffffff;\"><strong>2006<\/strong><\/span><\/p>\n<ul>\n<li><span style=\"color: #ffffff;\"><strong><a href=\"http:\/\/chatelard18.ch\/wordpress\/wp-content\/uploads\/2016\/04\/OF44_0-2-juillet-2006.pdf\" target=\"_blank\" rel=\"noopener\">OF44 juillet - lettre de Mr Porret aux Ponts et Chauss\u00e9es NE<\/a><\/strong><\/span><\/li>\n<\/ul>\n<p><span style=\"color: #ffffff;\"><strong>2002<\/strong><\/span><\/p>\n<ul>\n<li><span style=\"color: #ffffff;\"><strong><a href=\"http:\/\/chatelard18.ch\/wordpress\/wp-content\/uploads\/2016\/03\/OF45_2002_conf_press_treytel_vaumarcus.pdf\" target=\"_blank\" rel=\"noopener\">OF45 avril - conf\u00e9rence de presse - mise en service Vaumarcus - Treytel<\/a><\/strong><\/span><\/li>\n<\/ul>\n<p><span style=\"color: #ffffff;\"><strong>2001<\/strong><\/span><\/p>\n<ul>\n<li><span style=\"color: #ffffff;\"><a href=\"http:\/\/chatelard18.ch\/wordpress\/wp-content\/uploads\/2017\/07\/2001-oct-approbation-de-lofrou-re-troncon-vaumarcus.pdf\" target=\"_blank\" rel=\"noopener\"><strong>OF46b octobre - approbation du tron\u00e7on Raisse-Vaumarcus par l'OFrou<\/strong><\/a><\/span><\/li>\n<li><span style=\"color: #ffffff;\"><strong><a href=\"http:\/\/chatelard18.ch\/wordpress\/wp-content\/uploads\/2016\/03\/OF46_2001_approbation_OFRou.pdf\" target=\"_blank\" rel=\"noopener\">OF46 septembre - demande d'approbation du tron\u00e7on Raisse-Vaumarcus<\/a><\/strong><\/span><\/li>\n<\/ul>\n<p><span style=\"color: #ffffff;\"><strong>1996<\/strong><\/span><\/p>\n<ul>\n<li><span style=\"color: #ffffff;\"><strong><a href=\"http:\/\/chatelard18.ch\/wordpress\/wp-content\/uploads\/2016\/04\/OF47_approbation_projet_1996.pdf\" target=\"_blank\" rel=\"noopener\">OF47 Rapport du Conseil d'Etat - Approbation finale - impact sur l'environnement (37 Mb)<br \/>\n<\/a><\/strong><\/span><\/li>\n<\/ul>\n<p><span style=\"color: #ffffff;\"><strong>1995<\/strong><\/span><\/p>\n<ul>\n<li><span style=\"color: #ffffff;\"><strong><a href=\"http:\/\/chatelard18.ch\/wordpress\/wp-content\/uploads\/2016\/04\/OF48_1995_vitesses_admissibles.pdf\" target=\"_blank\" rel=\"noopener\">OF48 Vitesses admissibles - Situations synoptiques<br \/>\n<\/a><\/strong><\/span><\/li>\n<\/ul>\n<p><span style=\"color: #ffffff;\"><strong>1994<\/strong><\/span><\/p>\n<ul>\n<li><span style=\"color: #ffffff;\"><strong><a style=\"color: #ffffff;\" href=\"http:\/\/chatelard18.ch\/wordpress\/wp-content\/uploads\/2016\/04\/OF49_1994_etude_grolimund_petermann.pdf\" target=\"_blank\" rel=\"noopener\"><span style=\"color: #ffffff;\">OF49 Etude de l'impact sonore et des vibrations - Grolimund &amp; Petermann SA (39 Mb)<\/span><\/a><\/strong><\/span><\/li>\n<\/ul>\n<\/div>\n<\/div><\/div><\/div><\/div><div id=\"pgc-1439-0-2\"  class=\"panel-grid-cell panel-grid-cell-empty\" ><\/div><\/div><\/div>","protected":false},"excerpt":{"rendered":"<p>Selection de documents sur le litige concernant le bruit g\u00e9n\u00e9r\u00e9 par l&rsquo;A5, entre les habitants de Bevaix Sud, les services des routes Cantonaux et F\u00e9d\u00e9raux, de 1994 \u00e0 aujourd&rsquo;hui: OF1 historique sur le litige de 2006 \u00e0 2016 2022 8 octobre &#8211; lettre \u00e0 l&rsquo;OFrou M.Fragnoli, photovolta\u00efque sur parois antibruit 27 sept &#8211; motion des [&hellip;]<\/p>\n","protected":false},"author":1,"featured_media":0,"parent":0,"menu_order":0,"comment_status":"closed","ping_status":"closed","template":"page-full.php","meta":{"footnotes":"","_wp_rev_ctl_limit":"4"},"class_list":["post-1439","page","type-page","status-publish","hentry"],"_links":{"self":[{"href":"https:\/\/chatelard18.ch\/index.php?rest_route=\/wp\/v2\/pages\/1439","targetHints":{"allow":["GET"]}}],"collection":[{"href":"https:\/\/chatelard18.ch\/index.php?rest_route=\/wp\/v2\/pages"}],"about":[{"href":"https:\/\/chatelard18.ch\/index.php?rest_route=\/wp\/v2\/types\/page"}],"author":[{"embeddable":true,"href":"https:\/\/chatelard18.ch\/index.php?rest_route=\/wp\/v2\/users\/1"}],"replies":[{"embeddable":true,"href":"https:\/\/chatelard18.ch\/index.php?rest_route=%2Fwp%2Fv2%2Fcomments&post=1439"}],"version-history":[{"count":5,"href":"https:\/\/chatelard18.ch\/index.php?rest_route=\/wp\/v2\/pages\/1439\/revisions"}],"predecessor-version":[{"id":2495,"href":"https:\/\/chatelard18.ch\/index.php?rest_route=\/wp\/v2\/pages\/1439\/revisions\/2495"}],"wp:attachment":[{"href":"https:\/\/chatelard18.ch\/index.php?rest_route=%2Fwp%2Fv2%2Fmedia&parent=1439"}],"curies":[{"name":"wp","href":"https:\/\/api.w.org\/{rel}","templated":true}]}}