{"id":2557,"date":"2023-03-18T16:31:53","date_gmt":"2023-03-18T16:31:53","guid":{"rendered":"https:\/\/chatelard18.ch\/?page_id=2557"},"modified":"2023-03-19T10:56:35","modified_gmt":"2023-03-19T10:56:35","slug":"sandbox-table","status":"publish","type":"page","link":"https:\/\/chatelard18.ch\/?page_id=2557","title":{"rendered":"my table sandbox"},"content":{"rendered":"\n<p class=\"wp-block-paragraph\">\/\n<table id=\"tablepress-5\" class=\"tablepress tablepress-id-5\">\n<thead>\n<tr class=\"row-1\">\n\t<th class=\"column-1\"><strong>ann\u00e9e<\/strong><\/th><th class=\"column-2\"><strong>num\u00e9ro<\/strong><\/th><th class=\"column-3\"><strong>document<\/strong><\/th><th class=\"column-4\"><strong>mot-cl\u00e9s<\/strong><\/th>\n<\/tr>\n<\/thead>\n<tbody class=\"row-striping row-hover\">\n<tr class=\"row-2\">\n\t<td class=\"column-1\">2022<\/td><td class=\"column-2\">40<\/td><td class=\"column-3\"><a href=\"http:\/\/moulin-bevaix.ch\/wordpress\/wp-content\/uploads\/2023\/01\/2022-MoulInfo-en-cours_999_der_der.pdf\">Moul\u2019Info<\/a><\/td><td class=\"column-4\">f\u00eate d\u2019\u00e9t\u00e9 I Scarbonari blaise m\u00fclhauser thomas flahaut afganisthan dr abdul darmanger gregory jaquet anouk henry trio flamenco michele gagnaux la burbuja miguel calatayud graphik louis schneider marie-claude gyger photo michel chesi club des six jean jeanine roux mich\u00e8le christen sakim\u00e9e ducommun denis de montmollin davis collard clip kick bill laurent schreyer th\u00e9r\u00e8se deuber<\/td>\n<\/tr>\n<tr class=\"row-3\">\n\t<td class=\"column-1\">2021<\/td><td class=\"column-2\">39<\/td><td class=\"column-3\"><a href=\"http:\/\/moulin-bevaix.ch\/wordpress\/wp-content\/uploads\/2022\/02\/2021-MoulInfo-en-cours_4.pdf\">Moul\u2019Info<\/a><\/td><td class=\"column-4\">f\u00eate d\u2019\u00e9t\u00e9 Swinging hot four jacques bertin thierry bohnenstengel chauves-souris copains d\u2019alors th\u00e9r\u00e8se deuber fussinger pittet b\u00fchler frank favre-cottini vuillemin-ramsbacher binggely<\/td>\n<\/tr>\n<tr class=\"row-4\">\n\t<td class=\"column-1\">2019<\/td><td class=\"column-2\">38<\/td><td class=\"column-3\"><a href=\"http:\/\/moulin-bevaix.ch\/wordpress\/wp-content\/uploads\/2022\/02\/No-38_2019.pdf\">Moul\u2019Info<\/a><\/td><td class=\"column-4\">version r\u00e9duite convocation ag hommage anne monnier exposition labiche v\u00e9ronique vuillemin-ramsbacher sandrine b\u00fcrki<\/td>\n<\/tr>\n<tr class=\"row-5\">\n\t<td class=\"column-1\">2019<\/td><td class=\"column-2\">-<\/td><td class=\"column-3\"><a href=\"http:\/\/moulin-bevaix.ch\/wordpress\/wp-content\/uploads\/2019\/12\/No-38-2019-manifestations-du-site_rec.pdf\">R\u00e9trospective<\/a><\/td><td class=\"column-4\">nicolas feuz daniel bornoz trio-old-up alexandra-sacha annen michel magnenet bruno laborier lombric-circus alexey blajenov martin br\u00fcngger catherine rohner lucien dubuis chansons-fran\u00e7aises francesca solleville quartet-swinging-hot-four jean-pierre chuard denys roethlisberger paul mairy niels s\u00f6rensen photos migrants christophe golay trio tiza brown christophe bovet marcel waldburger johan wermeille christine-de-france anne noschis op\u00e9rette la-cigale-la-fourmi compagnie parciparl\u00e0 japon tomoko-sono-perret<\/td>\n<\/tr>\n<tr class=\"row-6\">\n\t<td class=\"column-1\">2018<\/td><td class=\"column-2\">37<\/td><td class=\"column-3\"><a href=\"http:\/\/moulin-bevaix.ch\/wordpress\/wp-content\/uploads\/2019\/12\/No-37_2019.pdf\">Moul\u2019Info<\/a><\/td><td class=\"column-4\">pr\u00e9lude association bleu-ciel marie-l\u00e9a zwahlen edvald brynjar thorsson aska music louis jucker schade et yanac melinda-dance-center contes greet baertschi claudia perrenoud maurice borel cartographe marcel garin maurice evard abeilles blaise mulhauser romantissima aur\u00e9lie jaeckl\u00e9 linda gysin i-Skarbonari mirko dallacasagrande olivier forel raclettes uldry polar nicolas feuz mosa\u00efques sophie b\u00e4rtschi-delbarre po\u00e9sie luc wenger aur\u00e9lie matthey luc aeschlimann spectable caf\u00e9-de-flore wannenmacher gervais borgeat barraud boder jaggi revel roth<\/td>\n<\/tr>\n<tr class=\"row-7\">\n\t<td class=\"column-1\">2017<\/td><td class=\"column-2\">36<\/td><td class=\"column-3\"><a href=\"http:\/\/moulin-bevaix.ch\/wordpress\/wp-content\/uploads\/2019\/12\/No-36_2018.pdf\">Moul\u2019Info<\/a><\/td><td class=\"column-4\">archives borel d\u00e9m\u00e9nagement 50000 documents jacques pettavel publications antoine wasserfallen correspondance fr\u00e8res borel 1831 1848 alphonse henry saga marcel garin photographe pierre-william henry cartographe maurice borel arm\u00e9nie harry koumrouyan m\u00e9decin sport roland grossen indiennes maurice evard st-jacques-de-compostelle francine zaugg aur\u00e9lie matthey luc aeschlimann montreux philippe zumbrunn soir\u00e9e thomas viana horlogerie jean-robert probst chansons polisonnes lili roche<\/td>\n<\/tr>\n<tr class=\"row-8\">\n\t<td class=\"column-1\">2016<\/td><td class=\"column-2\">35<\/td><td class=\"column-3\"><a href=\"http:\/\/moulin-bevaix.ch\/wordpress\/wp-content\/uploads\/2017\/04\/No-35fevrier-2017.pdf\">Moul\u2019Info<\/a><\/td><td class=\"column-4\">comm\u00e9moration\u00a0 alphonse carlos dias trio argentine paola daverio probst venise pierre-andre steiner thomas viana philippe zumbrunn naanzook patrick gassmann les-chambristes bauermeister<\/td>\n<\/tr>\n<tr class=\"row-9\">\n\t<td class=\"column-1\">2015<\/td><td class=\"column-2\">34<\/td><td class=\"column-3\"><a href=\"http:\/\/moulin-bevaix.ch\/wordpress\/wp-content\/uploads\/2016\/04\/No34_CR_2015.pdf\">Moul\u2019Info<\/a><\/td><td class=\"column-4\">exposition v\u00e9ronique ramsbacher aristoloche Yvostellka old-time-jazz cinq-ans-cabaret thomas viana contes murielle-de-montmollin trois-femme trois-destins jacqueline rossier philippe zumbrunn chine blaise godet jeanne-de-jussie anne noschi moghols Taj-Mahal g\u00e9rald comtesse<\/td>\n<\/tr>\n<tr class=\"row-10\">\n\t<td class=\"column-1\">2014<\/td><td class=\"column-2\">33<\/td><td class=\"column-3\"><a href=\"http:\/\/moulin-bevaix.ch\/wordpress\/wp-content\/uploads\/2016\/04\/No33_CR_2014.pdf\">Moul\u2019Info<\/a><\/td><td class=\"column-4\">hommage alphonse henry sauvetage moulin gilbert jeannin bernard clerc borel industriels avalanches n\u00e9jib jaouadi canada jacques s\u00fcess tai-chi-chuan cornelia gruber catherine-de-watteville anne noschis-faussigny g\u00e9nies pierre-henri b\u00e9guin r\u00e9cital gervais oxybar gueissaz ch\u00e9telat chansons tschampion bordel sylvie mallard john michet old-time-jazz cinq-aux-moulin schertenleib cabaret pataphysique<\/td>\n<\/tr>\n<tr class=\"row-11\">\n\t<td class=\"column-1\">2013<\/td><td class=\"column-2\">32<\/td><td class=\"column-3\"><a href=\"http:\/\/moulin-bevaix.ch\/wordpress\/wp-content\/uploads\/2016\/04\/No32_2014.pdf\">Moul\u2019Info<\/a><\/td><td class=\"column-4\">handicap\u00e9 pierre-andr\u00e9 steiner 1848 correspondance fr\u00e8res borel creux-du-van mulhauser macchioni contes muriel-de-montmollin et greet baertschi bible roth bourquin immigration gallaz jobin fleury woodtli tavares Stauffer gosteli olga motta cabaret moulin wannenmacher tsf eau roland stettler anniversaire jean-paul comtesse de die femme troubadour guillaume de poitiers prisons daniel fink piano-bar monique-du-pasquier james juan<\/td>\n<\/tr>\n<tr class=\"row-12\">\n\t<td class=\"column-1\">2012<\/td><td class=\"column-2\">31<\/td><td class=\"column-3\"><a href=\"http:\/\/moulin-bevaix.ch\/wordpress\/wp-content\/uploads\/2016\/04\/No31_CR_2012.pdf\">Moul\u2019Info<\/a><\/td><td class=\"column-4\">animation wannenmacher st p\u00e9tersbourg g\u00e9rald comtesse cabaret-du-moulin thomas viana madame-de-warens anne noschis eglise demain michel bory archeologie gianna reginelli servais polars jacques hirt cabaret boris vian pays d\u2019enhaut jack andr\u00e9 b\u00e9day liszt<\/td>\n<\/tr>\n<tr class=\"row-13\">\n\t<td class=\"column-1\">2011<\/td><td class=\"column-2\">30<\/td><td class=\"column-3\"><a href=\"http:\/\/moulin-bevaix.ch\/wordpress\/wp-content\/uploads\/2016\/04\/No30_CR_2012.pdf\">Moul\u2019Info<\/a><\/td><td class=\"column-4\">lapin-agile cabaret autour-de-l\u2019\u00e9cluse galerie art\u2019amazone jo kowalczuk achat piano turquie philippe graef cr\u00e9puscule des f\u00e9lins catherine tschanen \u00e9nigme amish jacques l\u00e9geret luc wenger igor stravinski jean-philippe bauermeister auguste borel chroniqueur 1831 wannenmacher interm\u00e8des musicaux gabriella cavasinoet olivier richard TPR raymond spira exposition alain pr\u00eatre jura danger christian zuber<\/td>\n<\/tr>\n<tr class=\"row-14\">\n\t<td class=\"column-1\">2010<\/td><td class=\"column-2\">29<\/td><td class=\"column-3\"><a href=\"http:\/\/moulin-bevaix.ch\/wordpress\/wp-content\/uploads\/2016\/04\/No29_CR_Fev2010.pdf\">Moul\u2019Info<\/a><\/td><td class=\"column-4\">locataires v\u00e9ronique vuillemin ramsbacher jo kowalczuk art\u2019amazone nouveau site internet philippe henry loterie romande amis conservatoire cabaret wannenmacher boris vian montmartre r\u00f4le fondation locaux moulin unesco alexandre guyot sport jean-pierre egger contes isis babando christiane givord Archives ordinaire AVO jacqueline rossier isabelle meyer philippe vuilleumier concert jean-philippe bauermeister moussorgski soprano c\u00e9line steudler olivier richard musique brassens jean-fran\u00e7ois pellaton inspiration gilbert pingeon 1011-2011 neuch\u00e2tel jean-pierre jelmini novum castellum<\/td>\n<\/tr>\n<tr class=\"row-15\">\n\t<td class=\"column-1\">2009<\/td><td class=\"column-2\">28<\/td><td class=\"column-3\"><a href=\"http:\/\/moulin-bevaix.ch\/wordpress\/wp-content\/uploads\/2016\/04\/No28_AG_Fev2010.pdf\">Moul\u2019Info<\/a><\/td><td class=\"column-4\">anniversaire salon quatre saisons brassens andr\u00e9 wyss peinture fagonard paul klee ernest gfeller livres enfants illustratrice catherine louis balzac pierre-henri b\u00e9guin humanitaire nago humbert theresienstadt jean-philippe bauermeister \u00e9ducation luc wenger nino ferrer fran\u00e7ois delley janine delley carlos tavares stauffer joris stauffer steve jeanbourquin renaissance marcel rutti calvin thierry perregaux mendelssohn fran\u00e7ois lilienfeld<\/td>\n<\/tr>\n<tr class=\"row-16\">\n\t<td class=\"column-1\">2008<\/td><td class=\"column-2\">27<\/td><td class=\"column-3\"><a href=\"http:\/\/moulin-bevaix.ch\/wordpress\/wp-content\/uploads\/2016\/04\/No27_AG_Fev2009.pdf\">Moul\u2019Info<\/a><\/td><td class=\"column-4\">gfeller 1841 antoine borel havre Aristolochia sipho auguste napol\u00e9on baumann mulhouse bollwiller fascination chateaux alexandre guyot manger marc treboux isis babandoet muriel-de-montmollin route-de-la-soie anouk henry catia ferreira abeilles borioli afganistan abdul darmanger jens munk biviades ren\u00e9 gerber giotto fragonard martin luther thierry perregaux<\/td>\n<\/tr>\n<tr class=\"row-17\">\n\t<td class=\"column-1\">2008<\/td><td class=\"column-2\">26<\/td><td class=\"column-3\"><a href=\"http:\/\/moulin-bevaix.ch\/wordpress\/wp-content\/uploads\/2016\/04\/No26_CR_et-AG_Fev2008.pdf\">Moul\u2019Info<\/a><\/td><td class=\"column-4\">anniversaire 150 La-T\u00e8ne archive maurice borel latenium peinture auguste bachelin voltaire elisabeth ricci musique c\u00e9line steudler olivier richard \u00e9ducation carlo robert-grandpierre b\u00e9nar\u00e8s francis renevey dame-de-la-lucazi\u00e8re anne noschis-faussigny xamax gilbert facchinetti valentin borghini ogres goldorak shrek christophe ronveau jazz etienne perret saudade rachel magalhaes etienne py jorge alfonso carlos lopez centenaire herg\u00e9 tintin jacques ramseyer noms-de-lieux wulf m\u00fcller isabelle-de-charri\u00e8re rita stucki interm\u00e8de-musical olivier richard mathias trottmann<\/td>\n<\/tr>\n<tr class=\"row-18\">\n\t<td class=\"column-1\">2007<\/td><td class=\"column-2\">25<\/td><td class=\"column-3\"><a href=\"http:\/\/moulin-bevaix.ch\/wordpress\/wp-content\/uploads\/2016\/04\/No25_AG_Fev2007.pdf\">Moul\u2019Info<\/a><\/td><td class=\"column-4\">collaboration alphonse henry antoine wasserfallen exposition jean devost cigogne max adrian aebischer conte andersen christiane bauer mady garino simone maillard anne-marie panighini nicole vauthier colombie anouk henry immigration jean-pierre jelmini l\u2019italienne marie-rose de-donno sylviane roche chansons philippe graef franz liszt pierre-henri b\u00e9guin bonneville christiane givord G\u00e9nocide hutus rwanda r\u00e9v\u00e9rien rurangwa reflets humanit\u00e9 neuch\u00e0Toi jean devost alphonse henry berthier perregaux antoine wasserfallen razzmatazz<\/td>\n<\/tr>\n<tr class=\"row-19\">\n\t<td class=\"column-1\">2006<\/td><td class=\"column-2\">24<\/td><td class=\"column-3\"><a href=\"http:\/\/moulin-bevaix.ch\/wordpress\/wp-content\/uploads\/2016\/04\/No24_AG_Fev2006.pdf\">Moul\u2019Info<\/a><\/td><td class=\"column-4\">portes-ouvertes jean devost aveugle fran\u00e7oise vallet-witschi for\u00eats st\u00e9phane jeanRichard jean-jacques rousseau fran\u00e7oise golfouse universit\u00e9 paris-sorbonne musique clara meloni luis erick bongcam oiseaux marcel rutti contes claudine laperouzza claudette viatte francine courreau accord\u00e9on chris mourey<\/td>\n<\/tr>\n<tr class=\"row-20\">\n\t<td class=\"column-1\">2005<\/td><td class=\"column-2\">23<\/td><td class=\"column-3\"><a href=\"http:\/\/moulin-bevaix.ch\/wordpress\/wp-content\/uploads\/2016\/04\/No23_CR_Sept2005.pdf\">Moul\u2019Info<\/a><\/td><td class=\"column-4\">peintre-voyageur aloys perregaux inde-ancienne g\u00e9rald comtesse colombie droits humains anouk henry \u00e9crire luc wenger violoncelliste luc aeschlimann razzmatazz sylvie holden h\u00e9l\u00e8ne blanchoud miriam lubin arch\u00e9ologie beat arnold<\/td>\n<\/tr>\n<tr class=\"row-21\">\n\t<td class=\"column-1\">2004<\/td><td class=\"column-2\">22<\/td><td class=\"column-3\"><a href=\"http:\/\/moulin-bevaix.ch\/wordpress\/wp-content\/uploads\/2016\/04\/No22_AG_Fev2005.pdf\">Moul\u2019Info<\/a><\/td><td class=\"column-4\">soir\u00e9e litt\u00e9raire erik orsenna genevi\u00e8ve cam\u00e9lique yves pauchard guitare gabriel merz contes tolkien grimm christiane givord vernissage roman jean-paul comtesse sabika desirade harpiste laurence zbinden atelier jean devost raku huguette-von-m\u00fchlenen atelier horizon-9 bernard clerc<\/td>\n<\/tr>\n<tr class=\"row-22\">\n\t<td class=\"column-1\">2003\/4<\/td><td class=\"column-2\">21<\/td><td class=\"column-3\"><a href=\"http:\/\/moulin-bevaix.ch\/wordpress\/wp-content\/uploads\/2016\/04\/No21_CR_Nov2004.pdf\">Moul\u2019Info<\/a><\/td><td class=\"column-4\">programme de septembre 2003 \u00e0 septembre 2004 \u2013 8\u00e8me \u00e9dition banque piguet presidente d\u2019honneur jacqueline bourquin champignons jocelyne &amp; emilio valobonsi jazz etienne perret victor hugo pierre-henri b\u00e9guin \u00eele-de-p\u00e2ques marcel garin contes christiane bauer anne-marie panighini nicole vauthier fl\u00fbte-de-an caroline donker-schl\u00e4ppy albert anker matthias brefin vignoble eric beuret antoinaz anne noschis moulin-de-bayerel jean-marc fischer<\/td>\n<\/tr>\n<tr class=\"row-23\">\n\t<td class=\"column-1\">2003<\/td><td class=\"column-2\">20<\/td><td class=\"column-3\"><a href=\"http:\/\/moulin-bevaix.ch\/wordpress\/wp-content\/uploads\/2016\/04\/No20_AG_Fevrier2004.pdf\">Moul\u2019Info<\/a><\/td><td class=\"column-4\">programme 2004 \u2013 r\u00e9surrection cascade r\u00e9novation rez-de-chauss\u00e9e<\/td>\n<\/tr>\n<tr class=\"row-24\">\n\t<td class=\"column-1\">2002<\/td><td class=\"column-2\">19<\/td><td class=\"column-3\"><a href=\"http:\/\/moulin-bevaix.ch\/wordpress\/wp-content\/uploads\/2016\/04\/No19_CR_2003.pdf\">Moul\u2019Info<\/a><\/td><td class=\"column-4\">agenda\u00a0 ic\u00f4nes anne-marie th\u00e9r\u00e8se bonhomme vezelay yvostellka victor hugo pierre-henri b\u00e9guin \u00e9crire-au-f\u00e9minin monique leaderach andersen christiane bauer flore-au-moulin ernest gfeller soir\u00e9e banque piguet yverdon \u00ab\u00a0billet d\u2019o\u00f9\u2026.\u00a0\u00bb hommage jacqueline bourquin<\/td>\n<\/tr>\n<tr class=\"row-25\">\n\t<td class=\"column-1\">2002<\/td><td class=\"column-2\">18<\/td><td class=\"column-3\"><a href=\"http:\/\/moulin-bevaix.ch\/wordpress\/wp-content\/uploads\/2016\/04\/No18_CR_2003.pdf\">Moul\u2019Info<\/a><\/td><td class=\"column-4\">rapport activit\u00e9s 2002<\/td>\n<\/tr>\n<tr class=\"row-26\">\n\t<td class=\"column-1\">2002<\/td><td class=\"column-2\">17<\/td><td class=\"column-3\"><a href=\"http:\/\/moulin-bevaix.ch\/wordpress\/wp-content\/uploads\/2016\/04\/No17_CR_2002.pdf\">Moul\u2019Info<\/a><\/td><td class=\"column-4\">c\u00e9l\u00e9bration 10-ans hommage jacqueline jeannin histoire aristoloche jacqueline bourquin salons litt\u00e9raires alice-de-chambiers pierre-henri b\u00e9guin blaise pascal carlos robert-grandpierre l\u00e9da-et-les-signes jean-paul comtesse harpe laurence zbinden p\u00e9rou marcel garin masa\u00efques marcel rutti march\u00e9-de-no\u00ebl folklore elandir r\u00e9ception banque piguet discours tournage jos\u00e9-von-allmen<\/td>\n<\/tr>\n<tr class=\"row-27\">\n\t<td class=\"column-1\">2002<\/td><td class=\"column-2\">16<\/td><td class=\"column-3\"><a href=\"http:\/\/moulin-bevaix.ch\/wordpress\/wp-content\/uploads\/2016\/04\/No16_CR_2002.pdf\">Moul\u2019Info<\/a><\/td><td class=\"column-4\">rappel juridique fondation aristoloche programme 2002 vente gobelets<\/td>\n<\/tr>\n<tr class=\"row-28\">\n\t<td class=\"column-1\">2001<\/td><td class=\"column-2\">15<\/td><td class=\"column-3\"><a href=\"http:\/\/moulin-bevaix.ch\/wordpress\/wp-content\/uploads\/2016\/04\/No15_CR_2001.pdf\">Moul\u2019Info<\/a><\/td><td class=\"column-4\">r\u00e9ception banque piguet jazz roland hug\u2019s new-orlean-old-stars d\u00e9fil\u00e9 \u00e9cole d\u2019art la-chaux-de-fonds coiffure jean-claude sarrieu michel russo virginie patthey garden party entretien fa\u00e7ades<\/td>\n<\/tr>\n<tr class=\"row-29\">\n\t<td class=\"column-1\">2000<\/td><td class=\"column-2\">14<\/td><td class=\"column-3\"><a href=\"http:\/\/moulin-bevaix.ch\/wordpress\/wp-content\/uploads\/2016\/04\/No14_CR_2001.pdf\">Moul\u2019Info<\/a><\/td><td class=\"column-4\">4\u00e8me \u00e9dition r\u00e9ception banque piguet restauration salon mariusz wrzal concert duo jael \u2013 rappel programme 2001 \u2013 conf\u00e9rence et visite d\u00fcrrenmatt ernest gfeller \u00eatre-bien norbert martin trompe-l\u2019\u00e6il marcel rutti saisons-de-la-vie christiane bauer piano stanislas romanowski conf\u00e9rence visite m\u00f4tiers jean-jacques rousseau nicolas bonhote<\/td>\n<\/tr>\n<tr class=\"row-30\">\n\t<td class=\"column-1\">2000<\/td><td class=\"column-2\">13<\/td><td class=\"column-3\"><a href=\"http:\/\/moulin-bevaix.ch\/wordpress\/wp-content\/uploads\/2016\/04\/No13_CR_2000.pdf\">Moul\u2019Info<\/a><\/td><td class=\"column-4\">epfl lausanne th\u00e8se antoine wasserfallen contes la-louvr\u00e9e accompagnement stanislas romanowski jardin Musical marie sutter casanova jean-pierre jelmini<\/td>\n<\/tr>\n<tr class=\"row-31\">\n\t<td class=\"column-1\">2000<\/td><td class=\"column-2\">12<\/td><td class=\"column-3\"><a href=\"http:\/\/moulin-bevaix.ch\/wordpress\/wp-content\/uploads\/2016\/04\/No12_CR_2000.pdf\">Moul\u2019Info<\/a><\/td><td class=\"column-4\">musique russe sergei marilov denis fedorov epfl antoine wasserfallen conterie la-louvraie<\/td>\n<\/tr>\n<tr class=\"row-32\">\n\t<td class=\"column-1\">1999<\/td><td class=\"column-2\">11<\/td><td class=\"column-3\"><a href=\"http:\/\/moulin-bevaix.ch\/wordpress\/wp-content\/uploads\/2016\/04\/No11_CR_1999.pdf\">Moul\u2019Info<\/a><\/td><td class=\"column-4\">musique folk irlande conterie la-louvr\u00e9e garden party reception banque piguet middle jass septet march\u00e9 artisanal<\/td>\n<\/tr>\n<tr class=\"row-33\">\n\t<td class=\"column-1\">1998<\/td><td class=\"column-2\">10<\/td><td class=\"column-3\"><a href=\"http:\/\/moulin-bevaix.ch\/wordpress\/wp-content\/uploads\/2016\/04\/No10_CR_1999.pdf\">Moul\u2019Info<\/a><\/td><td class=\"column-4\">exposition photos archives moulin h\u00f4tel beau-rivage neuchatel trin-na-niole video 80ans alphonse ueli locher<\/td>\n<\/tr>\n<tr class=\"row-34\">\n\t<td class=\"column-1\">1998<\/td><td class=\"column-2\">9<\/td><td class=\"column-3\"><a href=\"http:\/\/moulin-bevaix.ch\/wordpress\/wp-content\/uploads\/2016\/04\/No09_CR_1998.pdf\">Moul\u2019Info<\/a><\/td><td class=\"column-4\">explications exposition h\u00f4tel Beau-rivage atelier dall aqua 1000\u00e8me anniversaire de l\u2019abbaye march\u00e9 m\u00e9di\u00e9val polymatou<\/td>\n<\/tr>\n<tr class=\"row-35\">\n\t<td class=\"column-1\">1997<\/td><td class=\"column-2\">8<\/td><td class=\"column-3\"><a href=\"http:\/\/moulin-bevaix.ch\/wordpress\/wp-content\/uploads\/2016\/04\/No08_CR_Mai1998.pdf\">Moul\u2019Info<\/a><\/td><td class=\"column-4\">objectifs moulin-de-bevaix membres comit\u00e9 groupes de travail<\/td>\n<\/tr>\n<tr class=\"row-36\">\n\t<td class=\"column-1\">1997<\/td><td class=\"column-2\">7<\/td><td class=\"column-3\"><a href=\"http:\/\/moulin-bevaix.ch\/wordpress\/wp-content\/uploads\/2016\/04\/No07_CR_Nov1997.pdf\">Moul\u2019Info<\/a><\/td><td class=\"column-4\">soir\u00e9e th\u00e9\u00e2trale tumulte r\u00e9ception banque piguet discours thierry b\u00e9guin adrien laurent nouvelles moulin sicli<\/td>\n<\/tr>\n<tr class=\"row-37\">\n\t<td class=\"column-1\">1997<\/td><td class=\"column-2\">6<\/td><td class=\"column-3\"><a href=\"http:\/\/moulin-bevaix.ch\/wordpress\/wp-content\/uploads\/2020\/03\/No-06_1997.pdf\">Moul\u2019Info<\/a><\/td><td class=\"column-4\">encaveurs brunner egger nicolet bonne nouvelle moulin class\u00e9 cadastre article 7169 ouverture galerie peinture isabelle mettler buffet<\/td>\n<\/tr>\n<tr class=\"row-38\">\n\t<td class=\"column-1\">1996<\/td><td class=\"column-2\">5<\/td><td class=\"column-3\"><a href=\"http:\/\/moulin-bevaix.ch\/wordpress\/wp-content\/uploads\/2020\/03\/No-05_1996.pdf\">Moul\u2019Info<\/a><\/td><td class=\"column-4\">encaveurs brunner egger nicolet questions r\u00e9ponses fonctionnement moulin lecture spectacle fr\u00e9d\u00e9rique nardin nathalie sandoz th\u00e9atre des lunes<\/td>\n<\/tr>\n<tr class=\"row-39\">\n\t<td class=\"column-1\">1995<\/td><td class=\"column-2\">4<\/td><td class=\"column-3\"><a href=\"http:\/\/moulin-bevaix.ch\/wordpress\/wp-content\/uploads\/2016\/04\/No04_1995.pdf\">Moul\u2019Info<\/a><\/td><td class=\"column-4\">moulin gor de vauseyon maison prussien garin henry wasserfallen vin association march\u00e9 no\u00ebl<\/td>\n<\/tr>\n<tr class=\"row-40\">\n\t<td class=\"column-1\">1995<\/td><td class=\"column-2\">3<\/td><td class=\"column-3\"><a href=\"http:\/\/moulin-bevaix.ch\/wordpress\/wp-content\/uploads\/2016\/04\/No04_1995.pdf\">Moul\u2019Info<\/a><\/td><td class=\"column-4\">distribution locaux architectes bart cordey descombes graef wasserfallen archives conventions promoteurs moulin prot\u00e9g\u00e9 commune fondationr estaurations fa\u00e7ades chauffage sanitaires \u00e9lectricit\u00e9<\/td>\n<\/tr>\n<tr class=\"row-41\">\n\t<td class=\"column-1\">1993<\/td><td class=\"column-2\">2<\/td><td class=\"column-3\"><a href=\"http:\/\/moulin-bevaix.ch\/wordpress\/wp-content\/uploads\/2016\/04\/No02_1993.pdf\">Moul\u2019Info<\/a><\/td><td class=\"column-4\">projets convention commune fondation promoteurs propri\u00e9taire archives borel march\u00e9 no\u00ebl vin confitures photos<\/td>\n<\/tr>\n<tr class=\"row-42\">\n\t<td class=\"column-1\">1993<\/td><td class=\"column-2\">1<\/td><td class=\"column-3\"><a href=\"http:\/\/moulin-bevaix.ch\/wordpress\/wp-content\/uploads\/2016\/03\/No01_1993.pdf\">Moul\u2019Info<\/a><\/td><td class=\"column-4\">avancement transaction buts portes-ouvertes constitution fondation plans locaux moulin<\/td>\n<\/tr>\n<\/tbody>\n<\/table>\n<!-- #tablepress-5 from cache --><\/p>\n","protected":false},"excerpt":{"rendered":"<p>\/<\/p>\n","protected":false},"author":1,"featured_media":0,"parent":0,"menu_order":0,"comment_status":"closed","ping_status":"closed","template":"page-full.php","meta":{"footnotes":"","_wp_rev_ctl_limit":"6"},"class_list":["post-2557","page","type-page","status-publish","hentry"],"_links":{"self":[{"href":"https:\/\/chatelard18.ch\/index.php?rest_route=\/wp\/v2\/pages\/2557","targetHints":{"allow":["GET"]}}],"collection":[{"href":"https:\/\/chatelard18.ch\/index.php?rest_route=\/wp\/v2\/pages"}],"about":[{"href":"https:\/\/chatelard18.ch\/index.php?rest_route=\/wp\/v2\/types\/page"}],"author":[{"embeddable":true,"href":"https:\/\/chatelard18.ch\/index.php?rest_route=\/wp\/v2\/users\/1"}],"replies":[{"embeddable":true,"href":"https:\/\/chatelard18.ch\/index.php?rest_route=%2Fwp%2Fv2%2Fcomments&post=2557"}],"version-history":[{"count":6,"href":"https:\/\/chatelard18.ch\/index.php?rest_route=\/wp\/v2\/pages\/2557\/revisions"}],"predecessor-version":[{"id":2618,"href":"https:\/\/chatelard18.ch\/index.php?rest_route=\/wp\/v2\/pages\/2557\/revisions\/2618"}],"wp:attachment":[{"href":"https:\/\/chatelard18.ch\/index.php?rest_route=%2Fwp%2Fv2%2Fmedia&parent=2557"}],"curies":[{"name":"wp","href":"https:\/\/api.w.org\/{rel}","templated":true}]}}