{"id":839,"date":"2016-04-13T12:32:23","date_gmt":"2016-04-13T12:32:23","guid":{"rendered":"http:\/\/chatelard18.ch\/wordpress\/?page_id=839"},"modified":"2025-12-18T11:51:37","modified_gmt":"2025-12-18T11:51:37","slug":"nos-histoires-our-stories","status":"publish","type":"page","link":"https:\/\/chatelard18.ch\/?page_id=839","title":{"rendered":"2013 \u00e0 2020"},"content":{"rendered":"<div id=\"pl-839\"  class=\"panel-layout\" ><div id=\"pg-839-0\"  class=\"panel-grid panel-no-style\" ><div id=\"pgc-839-0-0\"  class=\"panel-grid-cell\" ><div id=\"panel-839-0-0-0\" class=\"so-panel widget widget_sow-editor panel-first-child panel-last-child\" data-index=\"0\" ><div\n\t\t\t\n\t\t\tclass=\"so-widget-sow-editor so-widget-sow-editor-base\"\n\t\t\t\n\t\t>\n<div class=\"siteorigin-widget-tinymce textwidget\">\n\t<p><a href=\"http:\/\/chatelard18.ch\/?page_id=1861\"><img loading=\"lazy\" decoding=\"async\" class=\"wp-image-908 aligncenter\" src=\"http:\/\/chatelard18.ch\/wordpress\/wp-content\/uploads\/2016\/04\/en.gif\" alt=\"en\" width=\"60\" height=\"47\" \/><\/a><\/p>\n<\/div>\n<\/div><\/div><\/div><div id=\"pgc-839-0-1\"  class=\"panel-grid-cell panel-grid-cell-empty\" ><\/div><div id=\"pgc-839-0-2\"  class=\"panel-grid-cell panel-grid-cell-empty\" ><\/div><div id=\"pgc-839-0-3\"  class=\"panel-grid-cell panel-grid-cell-empty\" ><\/div><div id=\"pgc-839-0-4\"  class=\"panel-grid-cell panel-grid-cell-empty\" ><\/div><div id=\"pgc-839-0-5\"  class=\"panel-grid-cell panel-grid-cell-empty panel-grid-cell-mobile-last\" ><\/div><div id=\"pgc-839-0-6\"  class=\"panel-grid-cell panel-grid-cell-empty\" ><\/div><\/div><div id=\"pg-839-1\"  class=\"panel-grid panel-has-style\" ><div class=\"panel-row-style panel-row-style-for-839-1\" ><div id=\"pgc-839-1-0\"  class=\"panel-grid-cell\" ><div id=\"panel-839-1-0-0\" class=\"so-panel widget widget_sow-editor panel-first-child panel-last-child\" data-index=\"1\" ><div\n\t\t\t\n\t\t\tclass=\"so-widget-sow-editor so-widget-sow-editor-base\"\n\t\t\t\n\t\t>\n<div class=\"siteorigin-widget-tinymce textwidget\">\n\t<p style=\"text-align: center;\"><strong><span style=\"color: #ffffff;\">2019<\/span><\/strong><\/p>\n<\/div>\n<\/div><\/div><\/div><div id=\"pgc-839-1-1\"  class=\"panel-grid-cell panel-grid-cell-empty\" ><\/div><div id=\"pgc-839-1-2\"  class=\"panel-grid-cell\" ><div id=\"panel-839-1-2-0\" class=\"so-panel widget widget_sow-editor panel-first-child panel-last-child\" data-index=\"2\" ><div class=\"panel-widget-style panel-widget-style-for-839-1-2-0\" ><div\n\t\t\t\n\t\t\tclass=\"so-widget-sow-editor so-widget-sow-editor-base\"\n\t\t\t\n\t\t>\n<div class=\"siteorigin-widget-tinymce textwidget\">\n\t<p style=\"text-align: center;\"><span style=\"color: #ffffff;\"><strong><a style=\"color: #ffffff;\" href=\"https:\/\/www.flickr.com\/photos\/12606276@N00\/sets\/72157679402169658\/\" target=\"_blank\" rel=\"noopener\">Les Photos<\/a><\/strong><\/span><\/p>\n<p><a href=\"https:\/\/www.flickr.com\/photos\/12606276@N00\/sets\/72157679402169658\/\" target=\"_blank\" rel=\"noopener\"><img loading=\"lazy\" decoding=\"async\" class=\"wp-image-2235 aligncenter\" src=\"http:\/\/chatelard18.ch\/wordpress\/wp-content\/uploads\/2019\/12\/16523117568_1004201.jpg\" alt=\"\" width=\"151\" height=\"113\" \/><\/a><\/p>\n<\/div>\n<\/div><\/div><\/div><\/div><div id=\"pgc-839-1-3\"  class=\"panel-grid-cell\" ><div id=\"panel-839-1-3-0\" class=\"so-panel widget widget_sow-editor panel-first-child panel-last-child\" data-index=\"3\" ><div class=\"panel-widget-style panel-widget-style-for-839-1-3-0\" ><div\n\t\t\t\n\t\t\tclass=\"so-widget-sow-editor so-widget-sow-editor-base\"\n\t\t\t\n\t\t>\n<div class=\"siteorigin-widget-tinymce textwidget\">\n\t<p style=\"text-align: center;\"><a href=\"https:\/\/www.flickr.com\/photos\/12606276@N00\/albums\/72157677467448204\" target=\"_blank\" rel=\"noopener\"><span style=\"color: #ffffff;\"><strong>Le Queen Mary II nous emm\u00e8ne \u00e0 Singapour puis envol pour Java et Bali <\/strong><\/span><\/a><\/p>\n<p style=\"text-align: center;\">\n<\/div>\n<\/div><\/div><\/div><\/div><div id=\"pgc-839-1-4\"  class=\"panel-grid-cell panel-grid-cell-empty\" ><\/div><div id=\"pgc-839-1-5\"  class=\"panel-grid-cell\" ><div id=\"panel-839-1-5-0\" class=\"so-panel widget widget_sow-editor panel-first-child panel-last-child\" data-index=\"4\" ><div class=\"panel-widget-style panel-widget-style-for-839-1-5-0\" ><div\n\t\t\t\n\t\t\tclass=\"so-widget-sow-editor so-widget-sow-editor-base\"\n\t\t\t\n\t\t>\n<div class=\"siteorigin-widget-tinymce textwidget\">\n\t<p style=\"text-align: center;\"><strong><span style=\"color: #ffffff;\"><a style=\"color: #ffffff;\" href=\"https:\/\/www.flickr.com\/photos\/12606276@N00\/sets\/72157711637766361\/\" target=\"_blank\" rel=\"noopener\">Les photos<\/a><\/span><\/strong><\/p>\n<p><img loading=\"lazy\" decoding=\"async\" class=\"aligncenter wp-image-2238\" src=\"http:\/\/chatelard18.ch\/wordpress\/wp-content\/uploads\/2019\/12\/16523117568_1004203.jpg\" alt=\"\" width=\"149\" height=\"118\" \/><\/p>\n<\/div>\n<\/div><\/div><\/div><\/div><div id=\"pgc-839-1-6\"  class=\"panel-grid-cell\" ><div id=\"panel-839-1-6-0\" class=\"so-panel widget widget_sow-editor panel-first-child panel-last-child\" data-index=\"5\" ><div class=\"panel-widget-style panel-widget-style-for-839-1-6-0\" ><div\n\t\t\t\n\t\t\tclass=\"so-widget-sow-editor so-widget-sow-editor-base\"\n\t\t\t\n\t\t>\n<div class=\"siteorigin-widget-tinymce textwidget\">\n\t<p style=\"text-align: center;\"><span style=\"color: #ffffff;\"><strong>week-end de c\u00e9l\u00e9bration des henryversaires dans la r\u00e9gion de Menthon St-Bernard sur le lac d'Annecy<br \/>\n<\/strong><\/span><\/p>\n<\/div>\n<\/div><\/div><\/div><\/div><\/div><\/div><div id=\"pg-839-2\"  class=\"panel-grid panel-has-style\" ><div class=\"panel-row-style panel-row-style-for-839-2\" ><div id=\"pgc-839-2-0\"  class=\"panel-grid-cell\" ><div id=\"panel-839-2-0-0\" class=\"so-panel widget widget_sow-editor panel-first-child panel-last-child\" data-index=\"6\" ><div\n\t\t\t\n\t\t\tclass=\"so-widget-sow-editor so-widget-sow-editor-base\"\n\t\t\t\n\t\t>\n<div class=\"siteorigin-widget-tinymce textwidget\">\n\t<p style=\"text-align: center;\"><strong><span style=\"color: #ffffff;\">2018<\/span><\/strong><\/p>\n<\/div>\n<\/div><\/div><\/div><div id=\"pgc-839-2-1\"  class=\"panel-grid-cell panel-grid-cell-empty\" ><\/div><div id=\"pgc-839-2-2\"  class=\"panel-grid-cell\" ><div id=\"panel-839-2-2-0\" class=\"so-panel widget widget_sow-editor panel-first-child panel-last-child\" data-index=\"7\" ><div class=\"panel-widget-style panel-widget-style-for-839-2-2-0\" ><div\n\t\t\t\n\t\t\tclass=\"so-widget-sow-editor so-widget-sow-editor-base\"\n\t\t\t\n\t\t>\n<div class=\"siteorigin-widget-tinymce textwidget\">\n\t<p style=\"text-align: center;\"><a href=\"https:\/\/www.flickr.com\/photos\/12606276@N00\/sets\/72157699462140992\/\" target=\"_blank\" rel=\"noopener\"><span style=\"color: #999999;\"><strong><span style=\"color: #ffffff;\">Les photos<\/span><\/strong><\/span><\/a><\/p>\n<p style=\"text-align: center;\"><a href=\"https:\/\/www.flickr.com\/photos\/12606276@N00\/sets\/72157699462140992\/\" target=\"_blank\" rel=\"noopener\"><strong><img loading=\"lazy\" decoding=\"async\" class=\"wp-image-2222 aligncenter\" src=\"http:\/\/chatelard18.ch\/wordpress\/wp-content\/uploads\/2019\/12\/16523117568_070304.jpg\" alt=\"\" width=\"151\" height=\"114\" \/><\/strong><\/a><\/p>\n<\/div>\n<\/div><\/div><\/div><\/div><div id=\"pgc-839-2-3\"  class=\"panel-grid-cell\" ><div id=\"panel-839-2-3-0\" class=\"so-panel widget widget_sow-editor panel-first-child panel-last-child\" data-index=\"8\" ><div class=\"panel-widget-style panel-widget-style-for-839-2-3-0\" ><div\n\t\t\t\n\t\t\tclass=\"so-widget-sow-editor so-widget-sow-editor-base\"\n\t\t\t\n\t\t>\n<div class=\"siteorigin-widget-tinymce textwidget\">\n\t<p style=\"text-align: center;\"><strong><span style=\"color: #ffffff;\">Grand-Maman Plus nous a quitt\u00e9. C\u00e9r\u00e9monie du souvenir en famille \u00e0 la Goutte d'Or<\/span><\/strong><\/p>\n<p>&nbsp;<\/p>\n<\/div>\n<\/div><\/div><\/div><\/div><div id=\"pgc-839-2-4\"  class=\"panel-grid-cell panel-grid-cell-empty\" ><\/div><div id=\"pgc-839-2-5\"  class=\"panel-grid-cell\" ><div id=\"panel-839-2-5-0\" class=\"so-panel widget widget_sow-editor panel-first-child panel-last-child\" data-index=\"9\" ><div class=\"panel-widget-style panel-widget-style-for-839-2-5-0\" ><div\n\t\t\t\n\t\t\tclass=\"so-widget-sow-editor so-widget-sow-editor-base\"\n\t\t\t\n\t\t>\n<div class=\"siteorigin-widget-tinymce textwidget\">\n\t<p style=\"text-align: center;\"><a href=\"https:\/\/www.flickr.com\/photos\/12606276@N00\/sets\/72157694445903705\/\" target=\"_blank\" rel=\"noopener\"><span style=\"color: #ffffff;\"><strong>Les photos<\/strong><\/span><\/a><\/p>\n<p><a href=\"https:\/\/www.flickr.com\/photos\/12606276@N00\/sets\/72157694445903705\/\" target=\"_blank\" rel=\"noopener\"><img loading=\"lazy\" decoding=\"async\" class=\"wp-image-2231 aligncenter\" src=\"http:\/\/chatelard18.ch\/wordpress\/wp-content\/uploads\/2019\/12\/16523117568_100420.jpg\" alt=\"\" width=\"149\" height=\"99\" \/><\/a><\/p>\n<\/div>\n<\/div><\/div><\/div><\/div><div id=\"pgc-839-2-6\"  class=\"panel-grid-cell\" ><div id=\"panel-839-2-6-0\" class=\"so-panel widget widget_sow-editor panel-first-child panel-last-child\" data-index=\"10\" ><div class=\"panel-widget-style panel-widget-style-for-839-2-6-0\" ><div\n\t\t\t\n\t\t\tclass=\"so-widget-sow-editor so-widget-sow-editor-base\"\n\t\t\t\n\t\t>\n<div class=\"siteorigin-widget-tinymce textwidget\">\n\t<p style=\"text-align: center;\"><span style=\"color: #ffffff;\"><strong>Embarquement \u00e0 Hambourg sur le QVictoria puis tour de l'Am\u00e9rique du Sud. Arr\u00eat spectaculaire au Cap Horn puis remont\u00e9e jusqu'\u00e0 Valparaiso<\/strong><\/span><\/p>\n<\/div>\n<\/div><\/div><\/div><\/div><\/div><\/div><div id=\"pg-839-3\"  class=\"panel-grid panel-has-style\" ><div class=\"panel-row-style panel-row-style-for-839-3\" ><div id=\"pgc-839-3-0\"  class=\"panel-grid-cell\" ><div id=\"panel-839-3-0-0\" class=\"so-panel widget widget_sow-editor panel-first-child panel-last-child\" data-index=\"11\" ><div\n\t\t\t\n\t\t\tclass=\"so-widget-sow-editor so-widget-sow-editor-base\"\n\t\t\t\n\t\t>\n<div class=\"siteorigin-widget-tinymce textwidget\">\n\t<p style=\"text-align: center;\"><strong><span style=\"color: #ffffff;\">2017<\/span><\/strong><\/p>\n<\/div>\n<\/div><\/div><\/div><div id=\"pgc-839-3-1\"  class=\"panel-grid-cell panel-grid-cell-empty\" ><\/div><div id=\"pgc-839-3-2\"  class=\"panel-grid-cell\" ><div id=\"panel-839-3-2-0\" class=\"so-panel widget widget_sow-editor panel-first-child panel-last-child\" data-index=\"12\" ><div class=\"panel-widget-style panel-widget-style-for-839-3-2-0\" ><div\n\t\t\t\n\t\t\tclass=\"so-widget-sow-editor so-widget-sow-editor-base\"\n\t\t\t\n\t\t>\n<div class=\"siteorigin-widget-tinymce textwidget\">\n\t<p style=\"text-align: center;\"><a href=\"https:\/\/www.flickr.com\/photos\/12606276@N00\/albums\/72157680890607366\" target=\"_blank\" rel=\"noopener\"><span style=\"color: #ffffff;\"><strong>Les photos<\/strong><\/span><\/a><\/p>\n<p><a href=\"https:\/\/www.flickr.com\/photos\/12606276@N00\/albums\/72157680890607366\" target=\"_blank\" rel=\"noopener\"><img loading=\"lazy\" decoding=\"async\" class=\"wp-image-1176 aligncenter\" src=\"http:\/\/chatelard18.ch\/wordpress\/wp-content\/uploads\/2016\/04\/217162194247_021558.jpg\" alt=\"\" width=\"149\" height=\"99\" \/><\/a><span style=\"color: #ffffff;\"><strong class=\"alignnone wp-image-1176 aligncenter\">\u00a0<\/strong><\/span><\/p>\n<\/div>\n<\/div><\/div><\/div><\/div><div id=\"pgc-839-3-3\"  class=\"panel-grid-cell\" ><div id=\"panel-839-3-3-0\" class=\"so-panel widget widget_sow-editor panel-first-child panel-last-child\" data-index=\"13\" ><div class=\"panel-widget-style panel-widget-style-for-839-3-3-0\" ><div\n\t\t\t\n\t\t\tclass=\"so-widget-sow-editor so-widget-sow-editor-base\"\n\t\t\t\n\t\t>\n<div class=\"siteorigin-widget-tinymce textwidget\">\n\t<p style=\"text-align: center;\"><span style=\"color: #ffffff;\"><strong>de Southampton \u00e0 Capetown \u00e0 bord du Queen Mary II en 19 jours<br \/>\n<\/strong><\/span><\/p>\n<\/div>\n<\/div><\/div><\/div><\/div><div id=\"pgc-839-3-4\"  class=\"panel-grid-cell panel-grid-cell-empty\" ><\/div><div id=\"pgc-839-3-5\"  class=\"panel-grid-cell\" ><div id=\"panel-839-3-5-0\" class=\"so-panel widget widget_sow-editor panel-first-child panel-last-child\" data-index=\"14\" ><div class=\"panel-widget-style panel-widget-style-for-839-3-5-0\" ><div\n\t\t\t\n\t\t\tclass=\"so-widget-sow-editor so-widget-sow-editor-base\"\n\t\t\t\n\t\t>\n<div class=\"siteorigin-widget-tinymce textwidget\">\n\t<p style=\"text-align: center;\"><a href=\"https:\/\/www.flickr.com\/photos\/12606276@N00\/sets\/72157677467448204\/\" target=\"_blank\" rel=\"noopener\"><strong><span style=\"color: #ffffff;\">Les photos<\/span><\/strong><\/a><\/p>\n<p><a href=\"https:\/\/www.flickr.com\/photos\/12606276@N00\/sets\/72157677467448204\/\" target=\"_blank\" rel=\"noopener\"><img loading=\"lazy\" decoding=\"async\" class=\"alignnone wp-image-2228 aligncenter\" src=\"http:\/\/chatelard18.ch\/wordpress\/wp-content\/uploads\/2019\/12\/16523117568_1004204.jpg\" alt=\"\" width=\"150\" height=\"100\" \/><\/a><\/p>\n<\/div>\n<\/div><\/div><\/div><\/div><div id=\"pgc-839-3-6\"  class=\"panel-grid-cell\" ><div id=\"panel-839-3-6-0\" class=\"so-panel widget widget_sow-editor panel-first-child panel-last-child\" data-index=\"15\" ><div class=\"panel-widget-style panel-widget-style-for-839-3-6-0\" ><div\n\t\t\t\n\t\t\tclass=\"so-widget-sow-editor so-widget-sow-editor-base\"\n\t\t\t\n\t\t>\n<div class=\"siteorigin-widget-tinymce textwidget\">\n\t<p style=\"text-align: center;\"><span style=\"color: #ffffff;\"><strong>un mois en Afrique du Sud d'ouest en est de Capetown \u00e0 Johannesbourg<\/strong><\/span><\/p>\n<\/div>\n<\/div><\/div><\/div><\/div><\/div><\/div><div id=\"pg-839-4\"  class=\"panel-grid panel-has-style\" ><div class=\"panel-row-style panel-row-style-for-839-4\" ><div id=\"pgc-839-4-0\"  class=\"panel-grid-cell\" ><div id=\"panel-839-4-0-0\" class=\"so-panel widget widget_sow-editor panel-first-child panel-last-child\" data-index=\"16\" ><div\n\t\t\t\n\t\t\tclass=\"so-widget-sow-editor so-widget-sow-editor-base\"\n\t\t\t\n\t\t>\n<div class=\"siteorigin-widget-tinymce textwidget\">\n\t<p style=\"text-align: center;\"><strong><span style=\"color: #ffffff;\">2016<\/span><\/strong><\/p>\n<\/div>\n<\/div><\/div><\/div><div id=\"pgc-839-4-1\"  class=\"panel-grid-cell panel-grid-cell-empty\" ><\/div><div id=\"pgc-839-4-2\"  class=\"panel-grid-cell\" ><div id=\"panel-839-4-2-0\" class=\"so-panel widget widget_sow-editor panel-first-child panel-last-child\" data-index=\"17\" ><div class=\"panel-widget-style panel-widget-style-for-839-4-2-0\" ><div\n\t\t\t\n\t\t\tclass=\"so-widget-sow-editor so-widget-sow-editor-base\"\n\t\t\t\n\t\t>\n<div class=\"siteorigin-widget-tinymce textwidget\">\n\t<p style=\"text-align: center;\"><span style=\"color: #ffffff;\"><strong>Les photos<\/strong><\/span><\/p>\n<p><span style=\"color: #999999;\"><a href=\"https:\/\/www.flickr.com\/photos\/12606276@N00\/sets\/72157658837648501\/\" target=\"_blank\" rel=\"noopener\"><img loading=\"lazy\" decoding=\"async\" class=\"alignnone wp-image-603 aligncenter\" src=\"http:\/\/chatelard18.ch\/wordpress\/wp-content\/uploads\/2016\/03\/2016_sri_lanka1.jpg\" alt=\"2016_sri_lanka1\" width=\"151\" height=\"100\" \/><\/a><\/span><\/p>\n<\/div>\n<\/div><\/div><\/div><\/div><div id=\"pgc-839-4-3\"  class=\"panel-grid-cell\" ><div id=\"panel-839-4-3-0\" class=\"so-panel widget widget_sow-editor panel-first-child panel-last-child\" data-index=\"18\" ><div class=\"panel-widget-style panel-widget-style-for-839-4-3-0\" ><div\n\t\t\t\n\t\t\tclass=\"so-widget-sow-editor so-widget-sow-editor-base\"\n\t\t\t\n\t\t>\n<div class=\"siteorigin-widget-tinymce textwidget\">\n\t<p style=\"text-align: center;\"><span style=\"color: #ffffff;\"><strong>D\u00e9barquement du MS Rotterdam \u00e0 Hambantota au sud du Sri Lanka, puis 20 jours de visite du pays<\/strong><\/span><\/p>\n<p style=\"text-align: center;\"><span style=\"color: #ffffff;\"><strong>\u00a0<\/strong><\/span><\/p>\n<\/div>\n<\/div><\/div><\/div><\/div><div id=\"pgc-839-4-4\"  class=\"panel-grid-cell panel-grid-cell-empty\" ><\/div><div id=\"pgc-839-4-5\"  class=\"panel-grid-cell\" ><div id=\"panel-839-4-5-0\" class=\"so-panel widget widget_sow-editor panel-first-child panel-last-child\" data-index=\"19\" ><div class=\"panel-widget-style panel-widget-style-for-839-4-5-0\" ><div\n\t\t\t\n\t\t\tclass=\"so-widget-sow-editor so-widget-sow-editor-base\"\n\t\t\t\n\t\t>\n<div class=\"siteorigin-widget-tinymce textwidget\">\n\t<p style=\"text-align: center;\"><strong><span style=\"color: #ffffff;\">Les photos<\/span><\/strong><\/p>\n<p><a href=\"https:\/\/www.flickr.com\/photos\/12606276@N00\/sets\/72157658839661505\/\" target=\"_blank\" rel=\"noopener\"><span style=\"color: #999999;\"><strong><img loading=\"lazy\" decoding=\"async\" class=\"alignnone wp-image-602 aligncenter\" src=\"http:\/\/chatelard18.ch\/wordpress\/wp-content\/uploads\/2016\/03\/2016_sri_lanka2.jpg\" alt=\"2016_sri_lanka2\" width=\"151\" height=\"99\" \/><\/strong><\/span><\/a><\/p>\n<\/div>\n<\/div><\/div><\/div><\/div><div id=\"pgc-839-4-6\"  class=\"panel-grid-cell\" ><div id=\"panel-839-4-6-0\" class=\"so-panel widget widget_sow-editor panel-first-child panel-last-child\" data-index=\"20\" ><div class=\"panel-widget-style panel-widget-style-for-839-4-6-0\" ><div\n\t\t\t\n\t\t\tclass=\"so-widget-sow-editor so-widget-sow-editor-base\"\n\t\t\t\n\t\t>\n<div class=\"siteorigin-widget-tinymce textwidget\">\n\t<p style=\"text-align: center;\"><span style=\"color: #ffffff;\"><strong>Embarquement \u00e0 Rotterdam \u00e0 bord du MS Rotterdam en direction du Sri Lanka, apr\u00e8s 31 jours et quatorze escales<\/strong><\/span><\/p>\n<\/div>\n<\/div><\/div><\/div><\/div><\/div><\/div><div id=\"pg-839-5\"  class=\"panel-grid panel-has-style\" ><div class=\"panel-row-style panel-row-style-for-839-5\" ><div id=\"pgc-839-5-0\"  class=\"panel-grid-cell\" ><div id=\"panel-839-5-0-0\" class=\"so-panel widget widget_sow-editor panel-first-child panel-last-child\" data-index=\"21\" ><div\n\t\t\t\n\t\t\tclass=\"so-widget-sow-editor so-widget-sow-editor-base\"\n\t\t\t\n\t\t>\n<div class=\"siteorigin-widget-tinymce textwidget\">\n\t<p style=\"text-align: center;\"><strong><span style=\"color: #ffffff;\">2015<\/span><\/strong><\/p>\n<\/div>\n<\/div><\/div><\/div><div id=\"pgc-839-5-1\"  class=\"panel-grid-cell panel-grid-cell-empty\" ><\/div><div id=\"pgc-839-5-2\"  class=\"panel-grid-cell\" ><div id=\"panel-839-5-2-0\" class=\"so-panel widget widget_sow-editor panel-first-child panel-last-child\" data-index=\"22\" ><div class=\"panel-widget-style panel-widget-style-for-839-5-2-0\" ><div\n\t\t\t\n\t\t\tclass=\"so-widget-sow-editor so-widget-sow-editor-base\"\n\t\t\t\n\t\t>\n<div class=\"siteorigin-widget-tinymce textwidget\">\n\t<p style=\"text-align: center;\"><strong><span style=\"color: #ffffff;\">Les photos<\/span><\/strong><\/p>\n<p style=\"text-align: center;\"><span style=\"color: #999999;\"><a style=\"color: #999999;\" href=\"https:\/\/www.flickr.com\/photos\/12606276@N00\/sets\/72157651240402122\/\" target=\"_blank\" rel=\"noopener\"><img loading=\"lazy\" decoding=\"async\" class=\"alignnone wp-image-1299 aligncenter\" src=\"http:\/\/chatelard18.ch\/wordpress\/wp-content\/uploads\/2016\/04\/photovoltaique-conflit-MAISON.jpg\" alt=\"photovoltaique (conflit - MAISON)\" width=\"151\" height=\"100\" \/><\/a><\/span><span style=\"color: #ffffff;\"><a style=\"color: #ffffff;\" href=\"http:\/\/chatelard18.ch\/wordpress\/?page_id=329\">et la production ici<\/a><\/span><\/p>\n<\/div>\n<\/div><\/div><\/div><\/div><div id=\"pgc-839-5-3\"  class=\"panel-grid-cell\" ><div id=\"panel-839-5-3-0\" class=\"so-panel widget widget_sow-editor panel-first-child panel-last-child\" data-index=\"23\" ><div class=\"panel-widget-style panel-widget-style-for-839-5-3-0\" ><div\n\t\t\t\n\t\t\tclass=\"so-widget-sow-editor so-widget-sow-editor-base\"\n\t\t\t\n\t\t>\n<div class=\"siteorigin-widget-tinymce textwidget\">\n\t<p style=\"text-align: center;\"><strong><span style=\"color: #ffffff;\">Installation des capteurs photovolta\u00efques au Ch\u00e2telard 18<\/span><\/strong><\/p>\n<\/div>\n<\/div><\/div><\/div><\/div><div id=\"pgc-839-5-4\"  class=\"panel-grid-cell panel-grid-cell-empty\" ><\/div><div id=\"pgc-839-5-5\"  class=\"panel-grid-cell\" ><div id=\"panel-839-5-5-0\" class=\"so-panel widget widget_sow-editor panel-first-child panel-last-child\" data-index=\"24\" ><div class=\"panel-widget-style panel-widget-style-for-839-5-5-0\" ><div\n\t\t\t\n\t\t\tclass=\"so-widget-sow-editor so-widget-sow-editor-base\"\n\t\t\t\n\t\t>\n<div class=\"siteorigin-widget-tinymce textwidget\">\n\t<p style=\"text-align: center;\"><strong><span style=\"color: #ffffff;\">Journal de bord et photos<br \/>\n<\/span><\/strong><\/p>\n<p><span style=\"color: #999999;\"><strong><a style=\"color: #999999;\" href=\"http:\/\/chatelard18.ch\/?page_id=1170\" target=\"_blank\" rel=\"noopener\"><img loading=\"lazy\" decoding=\"async\" class=\"aligncenter wp-image-865\" src=\"http:\/\/chatelard18.ch\/wordpress\/wp-content\/uploads\/2016\/04\/2015_cendrillon2_mini.jpg\" alt=\"2015_cendrillon2_mini\" width=\"152\" height=\"84\" \/><\/a><\/strong><\/span><\/p>\n<\/div>\n<\/div><\/div><\/div><\/div><div id=\"pgc-839-5-6\"  class=\"panel-grid-cell\" ><div id=\"panel-839-5-6-0\" class=\"so-panel widget widget_sow-editor panel-first-child panel-last-child\" data-index=\"25\" ><div class=\"panel-widget-style panel-widget-style-for-839-5-6-0\" ><div\n\t\t\t\n\t\t\tclass=\"so-widget-sow-editor so-widget-sow-editor-base\"\n\t\t\t\n\t\t>\n<div class=\"siteorigin-widget-tinymce textwidget\">\n\t<p style=\"text-align: center;\"><span style=\"color: #ffffff;\"><strong>janvier, de G\u00eanes \u00e0 Singapour \u00e0 bord du cargo MS Cendrillon en 25 jours, puis visite de la Malaisie et Singapour<\/strong><\/span><\/p>\n<\/div>\n<\/div><\/div><\/div><\/div><\/div><\/div><div id=\"pg-839-6\"  class=\"panel-grid panel-has-style\" ><div class=\"panel-row-style panel-row-style-for-839-6\" ><div id=\"pgc-839-6-0\"  class=\"panel-grid-cell\" ><div id=\"panel-839-6-0-0\" class=\"so-panel widget widget_sow-editor panel-first-child panel-last-child\" data-index=\"26\" ><div\n\t\t\t\n\t\t\tclass=\"so-widget-sow-editor so-widget-sow-editor-base\"\n\t\t\t\n\t\t>\n<div class=\"siteorigin-widget-tinymce textwidget\">\n\t<p style=\"text-align: center;\"><strong><span style=\"color: #ffffff;\">2014<\/span><\/strong><\/p>\n<\/div>\n<\/div><\/div><\/div><div id=\"pgc-839-6-1\"  class=\"panel-grid-cell panel-grid-cell-empty\" ><\/div><div id=\"pgc-839-6-2\"  class=\"panel-grid-cell\" ><div id=\"panel-839-6-2-0\" class=\"so-panel widget widget_sow-editor panel-first-child panel-last-child\" data-index=\"27\" ><div class=\"panel-widget-style panel-widget-style-for-839-6-2-0\" ><div\n\t\t\t\n\t\t\tclass=\"so-widget-sow-editor so-widget-sow-editor-base\"\n\t\t\t\n\t\t>\n<div class=\"siteorigin-widget-tinymce textwidget\">\n\t<p style=\"text-align: center;\"><strong><span style=\"color: #ffffff;\">Les photos<\/span><\/strong><\/p>\n<p><span style=\"color: #999999;\"><a style=\"color: #999999;\" href=\"https:\/\/www.flickr.com\/photos\/12606276@N00\/sets\/72157645389640350\/\" target=\"_blank\" rel=\"noopener\"><img loading=\"lazy\" decoding=\"async\" class=\"alignnone wp-image-880 aligncenter\" src=\"http:\/\/chatelard18.ch\/wordpress\/wp-content\/uploads\/2016\/04\/2014_cap_croisette.jpg\" alt=\"2014_cap_croisette\" width=\"151\" height=\"99\" \/><\/a><\/span><\/p>\n<\/div>\n<\/div><\/div><\/div><\/div><div id=\"pgc-839-6-3\"  class=\"panel-grid-cell\" ><div id=\"panel-839-6-3-0\" class=\"so-panel widget widget_sow-editor panel-first-child panel-last-child\" data-index=\"28\" ><div class=\"panel-widget-style panel-widget-style-for-839-6-3-0\" ><div\n\t\t\t\n\t\t\tclass=\"so-widget-sow-editor so-widget-sow-editor-base\"\n\t\t\t\n\t\t>\n<div class=\"siteorigin-widget-tinymce textwidget\">\n\t<p style=\"text-align: center;\"><span style=\"color: #ffffff;\"><strong>Trois jours \u00e0 Marseilles avec Petrouchka et Guillaume<\/strong><\/span><\/p>\n<\/div>\n<\/div><\/div><\/div><\/div><div id=\"pgc-839-6-4\"  class=\"panel-grid-cell panel-grid-cell-empty\" ><\/div><div id=\"pgc-839-6-5\"  class=\"panel-grid-cell\" ><div id=\"panel-839-6-5-0\" class=\"so-panel widget widget_sow-editor panel-first-child panel-last-child\" data-index=\"29\" ><div class=\"panel-widget-style panel-widget-style-for-839-6-5-0\" ><div\n\t\t\t\n\t\t\tclass=\"so-widget-sow-editor so-widget-sow-editor-base\"\n\t\t\t\n\t\t>\n<div class=\"siteorigin-widget-tinymce textwidget\">\n\t<p style=\"text-align: center;\"><strong><span style=\"color: #ffffff;\">Les photos<\/span><\/strong><\/p>\n<p><span style=\"color: #999999;\"><strong><a style=\"color: #999999;\" href=\"https:\/\/www.flickr.com\/photos\/12606276@N00\/sets\/72157645684230013\/\" target=\"_blank\" rel=\"noopener\"><img loading=\"lazy\" decoding=\"async\" class=\"alignnone wp-image-879 aligncenter\" src=\"http:\/\/chatelard18.ch\/wordpress\/wp-content\/uploads\/2016\/04\/2014_bassin_st_georges.jpg\" alt=\"2014_bassin_st_georges\" width=\"151\" height=\"99\" \/><\/a><\/strong><\/span><\/p>\n<\/div>\n<\/div><\/div><\/div><\/div><div id=\"pgc-839-6-6\"  class=\"panel-grid-cell\" ><div id=\"panel-839-6-6-0\" class=\"so-panel widget widget_sow-editor panel-first-child panel-last-child\" data-index=\"30\" ><div class=\"panel-widget-style panel-widget-style-for-839-6-6-0\" ><div\n\t\t\t\n\t\t\tclass=\"so-widget-sow-editor so-widget-sow-editor-base\"\n\t\t\t\n\t\t>\n<div class=\"siteorigin-widget-tinymce textwidget\">\n\t<p style=\"text-align: center;\"><span style=\"color: #ffffff;\"><strong>juillet, une semaine en p\u00e9nichette sur le canal du Rhin \u00e0 la Marne<\/strong><\/span><\/p>\n<\/div>\n<\/div><\/div><\/div><\/div><\/div><\/div><div id=\"pg-839-7\"  class=\"panel-grid panel-has-style\" ><div class=\"panel-row-style panel-row-style-for-839-7\" ><div id=\"pgc-839-7-0\"  class=\"panel-grid-cell panel-grid-cell-empty\" ><\/div><div id=\"pgc-839-7-1\"  class=\"panel-grid-cell panel-grid-cell-empty\" ><\/div><div id=\"pgc-839-7-2\"  class=\"panel-grid-cell\" ><div id=\"panel-839-7-2-0\" class=\"so-panel widget widget_sow-editor panel-first-child panel-last-child\" data-index=\"31\" ><div class=\"panel-widget-style panel-widget-style-for-839-7-2-0\" ><div\n\t\t\t\n\t\t\tclass=\"so-widget-sow-editor so-widget-sow-editor-base\"\n\t\t\t\n\t\t>\n<div class=\"siteorigin-widget-tinymce textwidget\">\n\t<p style=\"text-align: center;\"><strong><span style=\"color: #ffffff;\">Les photos<\/span><\/strong><\/p>\n<p><span style=\"color: #999999;\"><a style=\"color: #999999;\" href=\"https:\/\/www.flickr.com\/photos\/12606276@N00\/sets\/72157644349580990\/\" target=\"_blank\"><img loading=\"lazy\" decoding=\"async\" class=\"alignnone size-full wp-image-1809 aligncenter\" src=\"http:\/\/chatelard18.ch\/wordpress\/wp-content\/uploads\/2016\/04\/2014_sardaigne_mini-1.jpg\" alt=\"2014_sardaigne_mini\" width=\"130\" height=\"119\" \/><\/a><\/span><\/p>\n<\/div>\n<\/div><\/div><\/div><\/div><div id=\"pgc-839-7-3\"  class=\"panel-grid-cell\" ><div id=\"panel-839-7-3-0\" class=\"so-panel widget widget_sow-editor panel-first-child panel-last-child\" data-index=\"32\" ><div class=\"panel-widget-style panel-widget-style-for-839-7-3-0\" ><div\n\t\t\t\n\t\t\tclass=\"so-widget-sow-editor so-widget-sow-editor-base\"\n\t\t\t\n\t\t>\n<div class=\"siteorigin-widget-tinymce textwidget\">\n\t<p style=\"text-align: center;\"><span style=\"color: #ffffff;\"><strong>\u00a0mai: une semaine de v\u00e9lo en Sardaigne avec Bici<\/strong><\/span><\/p>\n<\/div>\n<\/div><\/div><\/div><\/div><div id=\"pgc-839-7-4\"  class=\"panel-grid-cell panel-grid-cell-empty\" ><\/div><div id=\"pgc-839-7-5\"  class=\"panel-grid-cell\" ><div id=\"panel-839-7-5-0\" class=\"so-panel widget widget_sow-editor panel-first-child panel-last-child\" data-index=\"33\" ><div class=\"panel-widget-style panel-widget-style-for-839-7-5-0\" ><div\n\t\t\t\n\t\t\tclass=\"so-widget-sow-editor so-widget-sow-editor-base\"\n\t\t\t\n\t\t>\n<div class=\"siteorigin-widget-tinymce textwidget\">\n\t<p style=\"text-align: center;\"><strong><span style=\"color: #ffffff;\">Journal de bord et photos<br \/>\n<\/span><\/strong><\/p>\n<p><span style=\"color: #999999;\"><strong><a style=\"color: #999999;\" href=\"http:\/\/chatelard18.ch\/?page_id=1151\"><img loading=\"lazy\" decoding=\"async\" class=\"alignnone wp-image-877 aligncenter\" src=\"http:\/\/chatelard18.ch\/wordpress\/wp-content\/uploads\/2016\/04\/msqelisabeth_mini.jpg\" alt=\"msqelisabeth_mini\" width=\"150\" height=\"99\" \/><\/a><\/strong><\/span><\/p>\n<\/div>\n<\/div><\/div><\/div><\/div><div id=\"pgc-839-7-6\"  class=\"panel-grid-cell\" ><div id=\"panel-839-7-6-0\" class=\"so-panel widget widget_sow-editor panel-first-child panel-last-child\" data-index=\"34\" ><div class=\"panel-widget-style panel-widget-style-for-839-7-6-0\" ><div\n\t\t\t\n\t\t\tclass=\"so-widget-sow-editor so-widget-sow-editor-base\"\n\t\t\t\n\t\t>\n<div class=\"siteorigin-widget-tinymce textwidget\">\n\t<p style=\"text-align: center;\"><span style=\"color: #ffffff;\"><strong>\u00a0Southampton le 10 janvier 2014: embarquement sur le M\/S Queen Elizabeth \u00e0 destination de Puntarenas via et New-York et Panama<\/strong><\/span><\/p>\n<\/div>\n<\/div><\/div><\/div><\/div><\/div><\/div><div id=\"pg-839-8\"  class=\"panel-grid panel-has-style\" ><div class=\"panel-row-style panel-row-style-for-839-8\" ><div id=\"pgc-839-8-0\"  class=\"panel-grid-cell panel-grid-cell-empty\" ><\/div><div id=\"pgc-839-8-1\"  class=\"panel-grid-cell panel-grid-cell-empty\" ><\/div><div id=\"pgc-839-8-2\"  class=\"panel-grid-cell\" ><div id=\"panel-839-8-2-0\" class=\"so-panel widget widget_sow-editor panel-first-child panel-last-child\" data-index=\"35\" ><div class=\"panel-widget-style panel-widget-style-for-839-8-2-0\" ><div\n\t\t\t\n\t\t\tclass=\"so-widget-sow-editor so-widget-sow-editor-base\"\n\t\t\t\n\t\t>\n<div class=\"siteorigin-widget-tinymce textwidget\">\n\t<p style=\"text-align: center;\"><span style=\"color: #ffffff;\"><strong>Les photos<\/strong><\/span><\/p>\n<p><span style=\"color: #999999;\"><a style=\"color: #999999;\" href=\"https:\/\/www.flickr.com\/photos\/12606276@N00\/sets\/72157640832967713\/\" target=\"_blank\" rel=\"noopener\"><img loading=\"lazy\" decoding=\"async\" class=\"alignnone  wp-image-1186 aligncenter\" src=\"http:\/\/chatelard18.ch\/wordpress\/wp-content\/uploads\/2016\/04\/217162194247_044431.jpg\" alt=\"217162194247_044431\" width=\"151\" height=\"113\" \/><\/a><\/span><\/p>\n<\/div>\n<\/div><\/div><\/div><\/div><div id=\"pgc-839-8-3\"  class=\"panel-grid-cell\" ><div id=\"panel-839-8-3-0\" class=\"so-panel widget widget_sow-editor panel-first-child panel-last-child\" data-index=\"36\" ><div class=\"panel-widget-style panel-widget-style-for-839-8-3-0\" ><div\n\t\t\t\n\t\t\tclass=\"so-widget-sow-editor so-widget-sow-editor-base\"\n\t\t\t\n\t\t>\n<div class=\"siteorigin-widget-tinymce textwidget\">\n\t<p style=\"text-align: center;\"><span style=\"color: #ffffff;\"><strong>\u00a0visite de la famille HenryJaquet apr\u00e8s avoir d\u00e9barqu\u00e9 du M\/S Queen Elizabeth \u00e0 Puntarenas<\/strong><\/span><\/p>\n<\/div>\n<\/div><\/div><\/div><\/div><div id=\"pgc-839-8-4\"  class=\"panel-grid-cell panel-grid-cell-empty\" ><\/div><div id=\"pgc-839-8-5\"  class=\"panel-grid-cell panel-grid-cell-empty panel-grid-cell-mobile-last\" ><\/div><div id=\"pgc-839-8-6\"  class=\"panel-grid-cell panel-grid-cell-empty\" ><\/div><\/div><\/div><div id=\"pg-839-9\"  class=\"panel-grid panel-has-style\" ><div class=\"panel-row-style panel-row-style-for-839-9\" ><div id=\"pgc-839-9-0\"  class=\"panel-grid-cell\" ><div id=\"panel-839-9-0-0\" class=\"so-panel widget widget_sow-editor panel-first-child panel-last-child\" data-index=\"37\" ><div\n\t\t\t\n\t\t\tclass=\"so-widget-sow-editor so-widget-sow-editor-base\"\n\t\t\t\n\t\t>\n<div class=\"siteorigin-widget-tinymce textwidget\">\n\t<p style=\"text-align: center;\"><strong><span style=\"color: #ffffff;\">2013<\/span><\/strong><\/p>\n<\/div>\n<\/div><\/div><\/div><div id=\"pgc-839-9-1\"  class=\"panel-grid-cell panel-grid-cell-empty\" ><\/div><div id=\"pgc-839-9-2\"  class=\"panel-grid-cell\" ><div id=\"panel-839-9-2-0\" class=\"so-panel widget widget_sow-editor panel-first-child panel-last-child\" data-index=\"38\" ><div class=\"panel-widget-style panel-widget-style-for-839-9-2-0\" ><div\n\t\t\t\n\t\t\tclass=\"so-widget-sow-editor so-widget-sow-editor-base\"\n\t\t\t\n\t\t>\n<div class=\"siteorigin-widget-tinymce textwidget\">\n\t<p style=\"text-align: center;\"><span style=\"color: #ffffff;\"><strong>Les photos<\/strong><\/span><\/p>\n<p><span style=\"color: #999999;\"><a style=\"color: #999999;\" href=\"https:\/\/www.flickr.com\/photos\/12606276@N00\/sets\/72157637547427543\/\" target=\"_blank\" rel=\"noopener\"><img loading=\"lazy\" decoding=\"async\" class=\"alignnone wp-image-1005 aligncenter\" src=\"http:\/\/chatelard18.ch\/wordpress\/wp-content\/uploads\/2016\/04\/les_baux_mini.jpg\" alt=\"les_baux_mini\" width=\"150\" height=\"106\" \/><\/a><\/span><\/p>\n<\/div>\n<\/div><\/div><\/div><\/div><div id=\"pgc-839-9-3\"  class=\"panel-grid-cell\" ><div id=\"panel-839-9-3-0\" class=\"so-panel widget widget_sow-editor panel-first-child panel-last-child\" data-index=\"39\" ><div class=\"panel-widget-style panel-widget-style-for-839-9-3-0\" ><div\n\t\t\t\n\t\t\tclass=\"so-widget-sow-editor so-widget-sow-editor-base\"\n\t\t\t\n\t\t>\n<div class=\"siteorigin-widget-tinymce textwidget\">\n\t<p style=\"text-align: center;\"><span style=\"color: #ffffff;\"><strong>\u00a0novembre: croisi\u00e8re sur le Rh\u00f4ne \u00e0 bord du Van Gogh au d\u00e9part d'Arles<\/strong><\/span><\/p>\n<\/div>\n<\/div><\/div><\/div><\/div><div id=\"pgc-839-9-4\"  class=\"panel-grid-cell panel-grid-cell-empty\" ><\/div><div id=\"pgc-839-9-5\"  class=\"panel-grid-cell\" ><div id=\"panel-839-9-5-0\" class=\"so-panel widget widget_sow-editor panel-first-child panel-last-child\" data-index=\"40\" ><div class=\"panel-widget-style panel-widget-style-for-839-9-5-0\" ><div\n\t\t\t\n\t\t\tclass=\"so-widget-sow-editor so-widget-sow-editor-base\"\n\t\t\t\n\t\t>\n<div class=\"siteorigin-widget-tinymce textwidget\">\n\t<p style=\"text-align: center;\"><strong><span style=\"color: #ffffff;\">Les photos<\/span><\/strong><\/p>\n<p><span style=\"color: #999999;\"><strong><a style=\"color: #999999;\" href=\"https:\/\/www.flickr.com\/photos\/33881663@N00\/sets\/72157633493054167\/\" target=\"_blank\"><img loading=\"lazy\" decoding=\"async\" class=\"alignnone wp-image-1002 aligncenter\" src=\"http:\/\/chatelard18.ch\/wordpress\/wp-content\/uploads\/2016\/04\/2013_sardaigne_mini.jpg\" alt=\"2013_sardaigne_mini\" width=\"130\" height=\"127\" \/><\/a><\/strong><\/span><\/p>\n<\/div>\n<\/div><\/div><\/div><\/div><div id=\"pgc-839-9-6\"  class=\"panel-grid-cell\" ><div id=\"panel-839-9-6-0\" class=\"so-panel widget widget_sow-editor panel-first-child panel-last-child\" data-index=\"41\" ><div class=\"panel-widget-style panel-widget-style-for-839-9-6-0\" ><div\n\t\t\t\n\t\t\tclass=\"so-widget-sow-editor so-widget-sow-editor-base\"\n\t\t\t\n\t\t>\n<div class=\"siteorigin-widget-tinymce textwidget\">\n\t<p style=\"text-align: center;\"><span style=\"color: #999999;\"><strong><span style=\"color: #ffffff;\">\u00a0mai: une semaine \u00e0 v\u00e9lo en Sardaigne avec le VClub<\/span> <\/strong><\/span><\/p>\n<\/div>\n<\/div><\/div><\/div><\/div><\/div><\/div><div id=\"pg-839-10\"  class=\"panel-grid panel-has-style\" ><div class=\"panel-row-style panel-row-style-for-839-10\" ><div id=\"pgc-839-10-0\"  class=\"panel-grid-cell panel-grid-cell-empty\" ><\/div><div id=\"pgc-839-10-1\"  class=\"panel-grid-cell panel-grid-cell-empty\" ><\/div><div id=\"pgc-839-10-2\"  class=\"panel-grid-cell\" ><div id=\"panel-839-10-2-0\" class=\"so-panel widget widget_sow-editor panel-first-child panel-last-child\" data-index=\"42\" ><div class=\"panel-widget-style panel-widget-style-for-839-10-2-0\" ><div\n\t\t\t\n\t\t\tclass=\"so-widget-sow-editor so-widget-sow-editor-base\"\n\t\t\t\n\t\t>\n<div class=\"siteorigin-widget-tinymce textwidget\">\n\t<p style=\"text-align: center;\"><span style=\"color: #ffffff;\"><strong>Les photos<\/strong><\/span><\/p>\n<p><span style=\"color: #999999;\"><strong><a style=\"color: #999999;\" href=\"https:\/\/www.flickr.com\/photos\/12606276@N00\/sets\/72157634755045583\/\" target=\"_blank\" rel=\"noopener\"><img loading=\"lazy\" decoding=\"async\" class=\"alignnone  wp-image-1027 aligncenter\" src=\"http:\/\/chatelard18.ch\/wordpress\/wp-content\/uploads\/2016\/04\/2013_galanis_mini2.jpg\" alt=\"2013_galanis_mini2\" width=\"142\" height=\"125\" \/><\/a><\/strong><\/span><\/p>\n<\/div>\n<\/div><\/div><\/div><\/div><div id=\"pgc-839-10-3\"  class=\"panel-grid-cell\" ><div id=\"panel-839-10-3-0\" class=\"so-panel widget widget_sow-editor panel-first-child panel-last-child\" data-index=\"43\" ><div class=\"panel-widget-style panel-widget-style-for-839-10-3-0\" ><div\n\t\t\t\n\t\t\tclass=\"so-widget-sow-editor so-widget-sow-editor-base\"\n\t\t\t\n\t\t>\n<div class=\"siteorigin-widget-tinymce textwidget\">\n\t<p style=\"text-align: center;\"><span style=\"color: #ffffff;\"><strong>\u00a0juillet: de Marseille en Corse et Sardaigne sur Galanis avec Yoko<br \/><\/strong><\/span><\/p>\n<\/div>\n<\/div><\/div><\/div><\/div><div id=\"pgc-839-10-4\"  class=\"panel-grid-cell panel-grid-cell-empty\" ><\/div><div id=\"pgc-839-10-5\"  class=\"panel-grid-cell\" ><div id=\"panel-839-10-5-0\" class=\"so-panel widget widget_sow-editor panel-first-child panel-last-child\" data-index=\"44\" ><div class=\"panel-widget-style panel-widget-style-for-839-10-5-0\" ><div\n\t\t\t\n\t\t\tclass=\"so-widget-sow-editor so-widget-sow-editor-base\"\n\t\t\t\n\t\t>\n<div class=\"siteorigin-widget-tinymce textwidget\">\n\t<p style=\"text-align: center;\"><a href=\"http:\/\/chatelard18.ch\/wordpress\/?page_id=1092\" target=\"_blank\" rel=\"noopener\"><span style=\"color: #ffffff;\"><strong>Journal de bord et photos<\/strong><\/span><\/a><\/p>\n<p style=\"text-align: center;\"><strong><a href=\"http:\/\/chatelard18.ch\/?page_id=1092\" target=\"_blank\" rel=\"noopener\"><img loading=\"lazy\" decoding=\"async\" class=\"alignnone wp-image-1006\" src=\"http:\/\/chatelard18.ch\/wordpress\/wp-content\/uploads\/2016\/04\/2013_schubert_mini.jpg\" alt=\"2013_schubert_mini\" width=\"147\" height=\"101\" \/><\/a><\/strong><\/p>\n<\/div>\n<\/div><\/div><\/div><\/div><div id=\"pgc-839-10-6\"  class=\"panel-grid-cell\" ><div id=\"panel-839-10-6-0\" class=\"so-panel widget widget_sow-editor panel-first-child panel-last-child\" data-index=\"45\" ><div class=\"panel-widget-style panel-widget-style-for-839-10-6-0\" ><div\n\t\t\t\n\t\t\tclass=\"so-widget-sow-editor so-widget-sow-editor-base\"\n\t\t\t\n\t\t>\n<div class=\"siteorigin-widget-tinymce textwidget\">\n\t<p style=\"text-align: center;\"><span style=\"color: #ffffff;\"><strong>\u00a0\u00a0janvier, embarquement au Havre sur le HS Schubert direction Puerto Limon au Costa-Rica<\/strong><\/span><\/p>\n<\/div>\n<\/div><\/div><\/div><\/div><\/div><\/div><div id=\"pg-839-11\"  class=\"panel-grid panel-has-style\" ><div class=\"panel-row-style panel-row-style-for-839-11\" ><div id=\"pgc-839-11-0\"  class=\"panel-grid-cell panel-grid-cell-empty\" ><\/div><div id=\"pgc-839-11-1\"  class=\"panel-grid-cell panel-grid-cell-empty\" ><\/div><div id=\"pgc-839-11-2\"  class=\"panel-grid-cell\" ><div id=\"panel-839-11-2-0\" class=\"so-panel widget widget_sow-editor panel-first-child panel-last-child\" data-index=\"46\" ><div class=\"panel-widget-style panel-widget-style-for-839-11-2-0\" ><div\n\t\t\t\n\t\t\tclass=\"so-widget-sow-editor so-widget-sow-editor-base\"\n\t\t\t\n\t\t>\n<div class=\"siteorigin-widget-tinymce textwidget\">\n\t<p style=\"text-align: center;\"><strong><span style=\"color: #ffffff;\">Les photos<\/span><\/strong><\/p>\n<p><a href=\"https:\/\/www.flickr.com\/photos\/12606276@N00\/sets\/72157632847198570\/\" target=\"_blank\" rel=\"noopener\"><span style=\"color: #999999;\"><strong><img loading=\"lazy\" decoding=\"async\" class=\"alignnone wp-image-1001 aligncenter\" src=\"http:\/\/chatelard18.ch\/wordpress\/wp-content\/uploads\/2016\/04\/capucins_mini.jpg\" alt=\"capucins_mini\" width=\"150\" height=\"115\" \/><\/strong><\/span><\/a><\/p>\n<\/div>\n<\/div><\/div><\/div><\/div><div id=\"pgc-839-11-3\"  class=\"panel-grid-cell\" ><div id=\"panel-839-11-3-0\" class=\"so-panel widget widget_sow-editor panel-first-child panel-last-child\" data-index=\"47\" ><div class=\"panel-widget-style panel-widget-style-for-839-11-3-0\" ><div\n\t\t\t\n\t\t\tclass=\"so-widget-sow-editor so-widget-sow-editor-base\"\n\t\t\t\n\t\t>\n<div class=\"siteorigin-widget-tinymce textwidget\">\n\t<p style=\"text-align: center;\"><strong><span style=\"color: #ffffff;\">\u00a0janvier \/ f\u00e9vrier: Costa Rica, visite du clan HenryJaquet<\/span><\/strong><\/p>\n<\/div>\n<\/div><\/div><\/div><\/div><div id=\"pgc-839-11-4\"  class=\"panel-grid-cell panel-grid-cell-empty\" ><\/div><div id=\"pgc-839-11-5\"  class=\"panel-grid-cell\" ><div id=\"panel-839-11-5-0\" class=\"so-panel widget widget_sow-editor panel-first-child panel-last-child\" data-index=\"48\" ><div class=\"panel-widget-style panel-widget-style-for-839-11-5-0\" ><div\n\t\t\t\n\t\t\tclass=\"so-widget-sow-editor so-widget-sow-editor-base\"\n\t\t\t\n\t\t>\n<div class=\"siteorigin-widget-tinymce textwidget\">\n\t<p style=\"text-align: center;\"><strong><span style=\"color: #ffffff;\"><a style=\"color: #ffffff;\" href=\"https:\/\/www.flickr.com\/photos\/baroude\/sets\/72157637309586933\/\" target=\"_blank\" rel=\"noopener\">les mini Henry<img loading=\"lazy\" decoding=\"async\" class=\"wp-image-1003 aligncenter\" src=\"http:\/\/chatelard18.ch\/wordpress\/wp-content\/uploads\/2016\/04\/romclem_mini.jpg\" alt=\"romclem_mini\" width=\"113\" height=\"116\" \/><\/a><\/span><\/strong><\/p>\n<\/div>\n<\/div><\/div><\/div><\/div><div id=\"pgc-839-11-6\"  class=\"panel-grid-cell\" ><div id=\"panel-839-11-6-0\" class=\"so-panel widget widget_sow-editor panel-first-child panel-last-child\" data-index=\"49\" ><div class=\"panel-widget-style panel-widget-style-for-839-11-6-0\" ><div\n\t\t\t\n\t\t\tclass=\"so-widget-sow-editor so-widget-sow-editor-base\"\n\t\t\t\n\t\t>\n<div class=\"siteorigin-widget-tinymce textwidget\">\n\t<p style=\"text-align: center;\"><span style=\"color: #ffffff;\"><strong>\u00a0les mini Henry<\/strong><\/span><\/p>\n<p style=\"text-align: center;\"><span style=\"color: #999999;\"><a style=\"color: #999999;\" href=\"https:\/\/www.flickr.com\/photos\/12606276@N00\/sets\/72157637298572214\/\" target=\"_blank\"><img loading=\"lazy\" decoding=\"async\" class=\"alignnone wp-image-1004 aligncenter\" src=\"http:\/\/chatelard18.ch\/wordpress\/wp-content\/uploads\/2016\/04\/kylian_mini.jpg\" alt=\"kylian_mini\" width=\"110\" height=\"110\" \/><\/a><\/span><\/p>\n<\/div>\n<\/div><\/div><\/div><\/div><\/div><\/div><div id=\"pg-839-12\"  class=\"panel-grid panel-has-style\" ><div class=\"panel-row-style panel-row-style-for-839-12\" ><div id=\"pgc-839-12-0\"  class=\"panel-grid-cell\" ><div id=\"panel-839-12-0-0\" class=\"so-panel widget widget_sow-editor panel-first-child panel-last-child\" data-index=\"50\" ><div class=\"panel-widget-style panel-widget-style-for-839-12-0-0\" ><div\n\t\t\t\n\t\t\tclass=\"so-widget-sow-editor so-widget-sow-editor-base\"\n\t\t\t\n\t\t>\n<div class=\"siteorigin-widget-tinymce textwidget\">\n\t<p style=\"text-align: center;\"><strong><span style=\"color: #ffffff;\"><span style=\"color: #999999;\"><a style=\"color: #999999;\" href=\"http:\/\/chatelard18.ch\/?page_id=1861\"><img loading=\"lazy\" decoding=\"async\" class=\"wp-image-908 aligncenter\" src=\"http:\/\/chatelard18.ch\/wordpress\/wp-content\/uploads\/2016\/04\/en.gif\" alt=\"en\" width=\"60\" height=\"47\" \/><\/a><\/span><\/span><\/strong><\/p>\n<\/div>\n<\/div><\/div><\/div><\/div><div id=\"pgc-839-12-1\"  class=\"panel-grid-cell panel-grid-cell-empty\" ><\/div><div id=\"pgc-839-12-2\"  class=\"panel-grid-cell\" ><div id=\"panel-839-12-2-0\" class=\"so-panel widget widget_sow-editor panel-first-child panel-last-child\" data-index=\"51\" ><div class=\"panel-widget-style panel-widget-style-for-839-12-2-0\" ><div\n\t\t\t\n\t\t\tclass=\"so-widget-sow-editor so-widget-sow-editor-base\"\n\t\t\t\n\t\t>\n<div class=\"siteorigin-widget-tinymce textwidget\">\n\t<p><a href=\"http:\/\/chatelard18.ch\/?page_id=1422\"><span style=\"color: #999999;\"><img loading=\"lazy\" decoding=\"async\" class=\"alignnone size-full wp-image-1846 aligncenter\" src=\"http:\/\/chatelard18.ch\/wordpress\/wp-content\/uploads\/2016\/04\/button-2.png\" alt=\"button\" width=\"219\" height=\"42\" \/><\/span><\/a><\/p>\n<\/div>\n<\/div><\/div><\/div><\/div><div id=\"pgc-839-12-3\"  class=\"panel-grid-cell panel-grid-cell-empty\" ><\/div><div id=\"pgc-839-12-4\"  class=\"panel-grid-cell panel-grid-cell-empty\" ><\/div><div id=\"pgc-839-12-5\"  class=\"panel-grid-cell panel-grid-cell-empty panel-grid-cell-mobile-last\" ><\/div><div id=\"pgc-839-12-6\"  class=\"panel-grid-cell panel-grid-cell-empty\" ><\/div><\/div><\/div><\/div>","protected":false},"excerpt":{"rendered":"<p>2019 Les Photos Le Queen Mary II nous emm\u00e8ne \u00e0 Singapour puis envol pour Java et Bali Les photos week-end de c\u00e9l\u00e9bration des henryversaires dans la r\u00e9gion de Menthon St-Bernard sur le lac d&rsquo;Annecy<\/p>\n","protected":false},"author":1,"featured_media":0,"parent":0,"menu_order":0,"comment_status":"closed","ping_status":"closed","template":"page-full.php","meta":{"footnotes":"","_wp_rev_ctl_limit":"8"},"class_list":["post-839","page","type-page","status-publish","hentry"],"_links":{"self":[{"href":"https:\/\/chatelard18.ch\/index.php?rest_route=\/wp\/v2\/pages\/839","targetHints":{"allow":["GET"]}}],"collection":[{"href":"https:\/\/chatelard18.ch\/index.php?rest_route=\/wp\/v2\/pages"}],"about":[{"href":"https:\/\/chatelard18.ch\/index.php?rest_route=\/wp\/v2\/types\/page"}],"author":[{"embeddable":true,"href":"https:\/\/chatelard18.ch\/index.php?rest_route=\/wp\/v2\/users\/1"}],"replies":[{"embeddable":true,"href":"https:\/\/chatelard18.ch\/index.php?rest_route=%2Fwp%2Fv2%2Fcomments&post=839"}],"version-history":[{"count":8,"href":"https:\/\/chatelard18.ch\/index.php?rest_route=\/wp\/v2\/pages\/839\/revisions"}],"predecessor-version":[{"id":2730,"href":"https:\/\/chatelard18.ch\/index.php?rest_route=\/wp\/v2\/pages\/839\/revisions\/2730"}],"wp:attachment":[{"href":"https:\/\/chatelard18.ch\/index.php?rest_route=%2Fwp%2Fv2%2Fmedia&parent=839"}],"curies":[{"name":"wp","href":"https:\/\/api.w.org\/{rel}","templated":true}]}}